{"id":507,"date":"2018-11-26T12:46:44","date_gmt":"2018-11-26T12:46:44","guid":{"rendered":"https:\/\/www.austria-wien.at\/ak\/projects\/"},"modified":"2025-09-30T14:28:37","modified_gmt":"2025-09-30T12:28:37","slug":"gallerie","status":"publish","type":"page","link":"https:\/\/www.austria-wien.at\/ak\/gallerie\/","title":{"rendered":"Galerie"},"content":{"rendered":"\t\t<div data-elementor-type=\"wp-post\" data-elementor-id=\"507\" class=\"elementor elementor-507\">\n\t\t\t\t\t\t<section class=\"elementor-section elementor-top-section elementor-element elementor-element-8e491de elementor-section-content-middle elementor-section-boxed elementor-section-height-default elementor-section-height-default\" data-id=\"8e491de\" data-element_type=\"section\" data-settings=\"{&quot;background_background&quot;:&quot;classic&quot;}\">\n\t\t\t\t\t\t\t<div class=\"elementor-background-overlay\"><\/div>\n\t\t\t\t\t\t\t<div class=\"elementor-container elementor-column-gap-no\">\n\t\t\t\t\t<div class=\"elementor-column elementor-col-100 elementor-top-column elementor-element elementor-element-fb027eb\" data-id=\"fb027eb\" data-element_type=\"column\">\n\t\t\t<div class=\"elementor-widget-wrap elementor-element-populated\">\n\t\t\t\t\t\t<div class=\"elementor-element elementor-element-02d282c elementor-widget elementor-widget-heading\" data-id=\"02d282c\" data-element_type=\"widget\" data-widget_type=\"heading.default\">\n\t\t\t\t<div class=\"elementor-widget-container\">\n\t\t\t<h1 class=\"elementor-heading-title elementor-size-default\">Gallerie<\/h1>\t\t<\/div>\n\t\t\t\t<\/div>\n\t\t\t\t\t<\/div>\n\t\t<\/div>\n\t\t\t\t\t<\/div>\n\t\t<\/section>\n\t\t\t\t<section class=\"elementor-section elementor-top-section elementor-element elementor-element-7660150 elementor-section-boxed elementor-section-height-default elementor-section-height-default\" data-id=\"7660150\" data-element_type=\"section\">\n\t\t\t\t\t\t<div class=\"elementor-container elementor-column-gap-default\">\n\t\t\t\t\t<div class=\"elementor-column elementor-col-100 elementor-top-column elementor-element elementor-element-67438b1\" data-id=\"67438b1\" data-element_type=\"column\">\n\t\t\t<div class=\"elementor-widget-wrap elementor-element-populated\">\n\t\t\t\t\t\t<div class=\"elementor-element elementor-element-99e32c1 elementor-grid-eael-col-2 elementor-grid-tablet-eael-col-2 elementor-grid-mobile-eael-col-1 elementor-widget elementor-widget-eael-post-grid\" data-id=\"99e32c1\" data-element_type=\"widget\" data-settings=\"{&quot;eael_post_grid_columns&quot;:&quot;eael-col-2&quot;,&quot;eael_post_grid_columns_tablet&quot;:&quot;eael-col-2&quot;,&quot;eael_post_grid_columns_mobile&quot;:&quot;eael-col-1&quot;}\" data-widget_type=\"eael-post-grid.default\">\n\t\t\t\t<div class=\"elementor-widget-container\">\n\t\t\t<div id=\"eael-post-grid-99e32c1\" class=\"eael-post-grid-container\">\n            <div class=\"eael-post-grid eael-post-appender eael-post-appender-99e32c1 eael-post-grid-style-default\" data-layout-mode=\"grid\"><article class=\"eael-grid-post eael-post-grid-column\" data-id=\"1849\">\n        <div class=\"eael-grid-post-holder\">\n            <div class=\"eael-grid-post-holder-inner\"><div class=\"eael-entry-media\"><div class=\"eael-entry-overlay fade-in\"><i class=\"fas fa-long-arrow-alt-right\" aria-hidden=\"true\"><\/i><a href=\"https:\/\/www.austria-wien.at\/ak\/austernkraenzchen-2025\/\"><\/a><\/div><div class=\"eael-entry-thumbnail eael-image-ratio\">\n                <img fetchpriority=\"high\" decoding=\"async\" width=\"1024\" height=\"681\" src=\"https:\/\/www.austria-wien.at\/ak\/wp-content\/uploads\/2025\/09\/Kopie-von-DSC_0007.jpg\" class=\"attachment-large size-large wp-image-1798\" alt=\"\" \/>\n            <\/div>\n        <\/div><div class=\"eael-entry-wrapper\"><header class=\"eael-entry-header\"><h3 class=\"eael-entry-title\"><a\n                        class=\"eael-grid-post-link\"\n                        href=\"https:\/\/www.austria-wien.at\/ak\/austernkraenzchen-2025\/\"\n                        title=\"Austernkr\u00e4nzchen 2025\">Austernkr\u00e4nzchen 2025<\/a><\/h3><\/header><div class=\"eael-entry-content\">\n                        <div class=\"eael-grid-post-excerpt\"><p>Der diesj\u00e4hrige Ball bot einen festlichen Abend voller Eleganz, Begegnungen und kultureller Vielfalt. In stilvollem Ambiente er\u00f6ffnete die Veranstaltung Raum f\u00fcr Austausch, Geselligkeit und Tanz. Ein sorgf\u00e4ltig kuratiertes Programm aus musikalischen Darbietungen, kulinarischen Gen\u00fcssen und k\u00fcnstlerischen Inszenierungen schuf ein einzigartiges Gesamterlebnis. Der Ball verstand sich als Ort des Miteinanders, an dem Tradition und Moderne harmonisch ineinandergreifen konnten. Die G\u00e4ste hatten die M\u00f6glichkeit, gesellschaftliche Kontakte zu vertiefen, neue Perspektiven zu gewinnen und gemeinschaftliche Werte zu feiern. Somit erwies sich der Ball nicht nur als Fest, sondern auch als kulturelles Ereignis von nachhaltiger Bedeutung.<\/p><\/div>\n                    <\/div><\/div><\/div>\n        <\/div>\n    <\/article><article class=\"eael-grid-post eael-post-grid-column\" data-id=\"1171\">\n        <div class=\"eael-grid-post-holder\">\n            <div class=\"eael-grid-post-holder-inner\"><div class=\"eael-entry-media\"><div class=\"eael-entry-overlay fade-in\"><i class=\"fas fa-long-arrow-alt-right\" aria-hidden=\"true\"><\/i><a href=\"https:\/\/www.austria-wien.at\/ak\/ak24\/\"><\/a><\/div><div class=\"eael-entry-thumbnail eael-image-ratio\">\n                <img decoding=\"async\" width=\"1024\" height=\"683\" src=\"https:\/\/www.austria-wien.at\/ak\/wp-content\/uploads\/2024\/04\/Austernkraenzchen-2024-3-von-72.jpg\" class=\"attachment-large size-large wp-image-1244\" alt=\"\" \/>\n            <\/div>\n        <\/div><div class=\"eael-entry-wrapper\"><header class=\"eael-entry-header\"><h3 class=\"eael-entry-title\"><a\n                        class=\"eael-grid-post-link\"\n                        href=\"https:\/\/www.austria-wien.at\/ak\/ak24\/\"\n                        title=\"Austernkr\u00e4nzchen 2024\">Austernkr\u00e4nzchen 2024<\/a><\/h3><\/header><div class=\"eael-entry-content\">\n                        <div class=\"eael-grid-post-excerpt\"><p>Das diesj\u00e4hrige Auternkr\u00e4nzchen war ein voller Erfolg, voller Sch\u00f6nheit und Spa\u00df. Wir hoffen, dass unsere G\u00e4ste ebenso begeistert waren wie wir und freuen uns, einige unvergessliche Momente in Bildern festgehalten zu haben.<\/p><\/div>\n                    <\/div><\/div><\/div>\n        <\/div>\n    <\/article><\/div>\n            <div class=\"clearfix\"><\/div>\n        <\/div>\t\t<\/div>\n\t\t\t\t<\/div>\n\t\t\t\t\t<\/div>\n\t\t<\/div>\n\t\t\t\t\t<\/div>\n\t\t<\/section>\n\t\t\t\t<section class=\"elementor-section elementor-top-section elementor-element elementor-element-deacf28 elementor-section-content-top elementor-hidden-desktop elementor-hidden-tablet elementor-hidden-mobile elementor-section-boxed elementor-section-height-default elementor-section-height-default\" data-id=\"deacf28\" data-element_type=\"section\" data-settings=\"{&quot;background_background&quot;:&quot;classic&quot;}\">\n\t\t\t\t\t\t<div class=\"elementor-container elementor-column-gap-no\">\n\t\t\t\t\t<div class=\"elementor-column elementor-col-50 elementor-top-column elementor-element elementor-element-532b1a3\" data-id=\"532b1a3\" data-element_type=\"column\">\n\t\t\t<div class=\"elementor-widget-wrap elementor-element-populated\">\n\t\t\t\t\t\t<div class=\"elementor-element elementor-element-7a6f049 elementor-widget elementor-widget-heading\" data-id=\"7a6f049\" data-element_type=\"widget\" data-widget_type=\"heading.default\">\n\t\t\t\t<div class=\"elementor-widget-container\">\n\t\t\t<h4 class=\"elementor-heading-title elementor-size-default\">Das Austernkr\u00e4nzchen 2024<\/h4>\t\t<\/div>\n\t\t\t\t<\/div>\n\t\t\t\t<div class=\"elementor-element elementor-element-cce07c5 elementor-widget elementor-widget-text-editor\" data-id=\"cce07c5\" data-element_type=\"widget\" data-widget_type=\"text-editor.default\">\n\t\t\t\t<div class=\"elementor-widget-container\">\n\t\t\t\t\t\t\t<p>Das diesj\u00e4hrige Auternkr\u00e4nzchen war ein voller Erfolg, voller Sch\u00f6nheit und Spa\u00df. Wir hoffen, dass unsere G\u00e4ste ebenso begeistert waren wie wir und freuen uns, einige unvergessliche Momente in Bildern festgehalten zu haben.<\/p>\t\t\t\t\t\t<\/div>\n\t\t\t\t<\/div>\n\t\t\t\t<div class=\"elementor-element elementor-element-63ed4e1 elementor-widget elementor-widget-image\" data-id=\"63ed4e1\" data-element_type=\"widget\" data-widget_type=\"image.default\">\n\t\t\t\t<div class=\"elementor-widget-container\">\n\t\t\t\t\t\t\t\t\t\t\t\t\t<img decoding=\"async\" width=\"2100\" height=\"1400\" src=\"https:\/\/www.austria-wien.at\/ak\/wp-content\/uploads\/2024\/04\/DSC_1849.jpg\" class=\"attachment-full size-full wp-image-1163\" alt=\"\" \/>\t\t\t\t\t\t\t\t\t\t\t\t\t<\/div>\n\t\t\t\t<\/div>\n\t\t\t\t\t<\/div>\n\t\t<\/div>\n\t\t\t\t<div class=\"elementor-column elementor-col-50 elementor-top-column elementor-element elementor-element-783a841 elementor-hidden-desktop elementor-hidden-tablet elementor-hidden-mobile\" data-id=\"783a841\" data-element_type=\"column\">\n\t\t\t<div class=\"elementor-widget-wrap elementor-element-populated\">\n\t\t\t\t\t\t<div class=\"elementor-element elementor-element-239795e elementor-widget elementor-widget-image\" data-id=\"239795e\" data-element_type=\"widget\" data-widget_type=\"image.default\">\n\t\t\t\t<div class=\"elementor-widget-container\">\n\t\t\t\t\t\t\t\t\t\t\t\t\t<img loading=\"lazy\" decoding=\"async\" width=\"590\" height=\"400\" src=\"https:\/\/www.austria-wien.at\/ak\/wp-content\/uploads\/2018\/11\/img-07-free-img.jpg\" class=\"attachment-full size-full wp-image-86\" alt=\"\" srcset=\"https:\/\/www.austria-wien.at\/ak\/wp-content\/uploads\/2018\/11\/img-07-free-img.jpg 590w, https:\/\/www.austria-wien.at\/ak\/wp-content\/uploads\/2018\/11\/img-07-free-img-300x203.jpg 300w\" sizes=\"(max-width: 590px) 100vw, 590px\" \/>\t\t\t\t\t\t\t\t\t\t\t\t\t<\/div>\n\t\t\t\t<\/div>\n\t\t\t\t<div class=\"elementor-element elementor-element-eacaa3d elementor-widget elementor-widget-heading\" data-id=\"eacaa3d\" data-element_type=\"widget\" data-widget_type=\"heading.default\">\n\t\t\t\t<div class=\"elementor-widget-container\">\n\t\t\t<h4 class=\"elementor-heading-title elementor-size-default\">Das Austernkr\u00e4nzchen 2024\u200b<\/h4>\t\t<\/div>\n\t\t\t\t<\/div>\n\t\t\t\t<div class=\"elementor-element elementor-element-cb2e961 elementor-widget elementor-widget-text-editor\" data-id=\"cb2e961\" data-element_type=\"widget\" data-widget_type=\"text-editor.default\">\n\t\t\t\t<div class=\"elementor-widget-container\">\n\t\t\t\t\t\t\t<p>Click edit button to change this text. Lorem ipsum dolor sit amet, consectetur adipiscing elit. Ut elit tellus, luctus nec ullamcorper mattis, pulvinar dapibus leo.\u00a0Proin gravida nibh vel velit auctor aliquet. Aenean sollicitudin, lorem quis.<\/p>\t\t\t\t\t\t<\/div>\n\t\t\t\t<\/div>\n\t\t\t\t<div class=\"elementor-element elementor-element-caa1e67 elementor-widget elementor-widget-heading\" data-id=\"caa1e67\" data-element_type=\"widget\" data-widget_type=\"heading.default\">\n\t\t\t\t<div class=\"elementor-widget-container\">\n\t\t\t<h4 class=\"elementor-heading-title elementor-size-default\">Luctus nec ullamcorper mattis, pulvinar dapibus leo.\u00a0Proin gravida nibh vel velit auctor aliquet<\/h4>\t\t<\/div>\n\t\t\t\t<\/div>\n\t\t\t\t\t<\/div>\n\t\t<\/div>\n\t\t\t\t\t<\/div>\n\t\t<\/section>\n\t\t\t\t<section class=\"elementor-section elementor-top-section elementor-element elementor-element-c38d6b7 elementor-section-content-top elementor-hidden-desktop elementor-hidden-tablet elementor-hidden-mobile elementor-section-boxed elementor-section-height-default elementor-section-height-default\" data-id=\"c38d6b7\" data-element_type=\"section\" data-settings=\"{&quot;background_background&quot;:&quot;classic&quot;}\">\n\t\t\t\t\t\t<div class=\"elementor-container elementor-column-gap-no\">\n\t\t\t\t\t<div class=\"elementor-column elementor-col-50 elementor-top-column elementor-element elementor-element-18dd7e8\" data-id=\"18dd7e8\" data-element_type=\"column\">\n\t\t\t<div class=\"elementor-widget-wrap elementor-element-populated\">\n\t\t\t\t\t\t<div class=\"elementor-element elementor-element-1528cb8 elementor-widget elementor-widget-image\" data-id=\"1528cb8\" data-element_type=\"widget\" data-widget_type=\"image.default\">\n\t\t\t\t<div class=\"elementor-widget-container\">\n\t\t\t\t\t\t\t\t\t\t\t\t\t<img loading=\"lazy\" decoding=\"async\" width=\"590\" height=\"400\" src=\"https:\/\/www.austria-wien.at\/ak\/wp-content\/uploads\/2018\/11\/img-08-free-img.jpg\" class=\"attachment-full size-full wp-image-87\" alt=\"\" srcset=\"https:\/\/www.austria-wien.at\/ak\/wp-content\/uploads\/2018\/11\/img-08-free-img.jpg 590w, https:\/\/www.austria-wien.at\/ak\/wp-content\/uploads\/2018\/11\/img-08-free-img-300x203.jpg 300w\" sizes=\"(max-width: 590px) 100vw, 590px\" \/>\t\t\t\t\t\t\t\t\t\t\t\t\t<\/div>\n\t\t\t\t<\/div>\n\t\t\t\t<div class=\"elementor-element elementor-element-946fbc1 elementor-widget elementor-widget-heading\" data-id=\"946fbc1\" data-element_type=\"widget\" data-widget_type=\"heading.default\">\n\t\t\t\t<div class=\"elementor-widget-container\">\n\t\t\t<h4 class=\"elementor-heading-title elementor-size-default\">Adopt the pace of Nature<\/h4>\t\t<\/div>\n\t\t\t\t<\/div>\n\t\t\t\t<div class=\"elementor-element elementor-element-9f84255 elementor-widget elementor-widget-text-editor\" data-id=\"9f84255\" data-element_type=\"widget\" data-widget_type=\"text-editor.default\">\n\t\t\t\t<div class=\"elementor-widget-container\">\n\t\t\t\t\t\t\t<p>Click edit button to change this text. Lorem ipsum dolor sit amet, consectetur adipiscing elit. Ut elit tellus, luctus nec ullamcorper mattis, pulvinar dapibus leo.\u00a0Proin gravida nibh vel velit auctor aliquet. Aenean sollicitudin, lorem quis.<\/p>\t\t\t\t\t\t<\/div>\n\t\t\t\t<\/div>\n\t\t\t\t<div class=\"elementor-element elementor-element-dd8bcf3 elementor-widget elementor-widget-heading\" data-id=\"dd8bcf3\" data-element_type=\"widget\" data-widget_type=\"heading.default\">\n\t\t\t\t<div class=\"elementor-widget-container\">\n\t\t\t<h4 class=\"elementor-heading-title elementor-size-default\">Luctus nec ullamcorper mattis, pulvinar dapibus leo.\u00a0Proin gravida nibh vel velit auctor aliquet<\/h4>\t\t<\/div>\n\t\t\t\t<\/div>\n\t\t\t\t\t<\/div>\n\t\t<\/div>\n\t\t\t\t<div class=\"elementor-column elementor-col-50 elementor-top-column elementor-element elementor-element-f9e4bcc\" data-id=\"f9e4bcc\" data-element_type=\"column\">\n\t\t\t<div class=\"elementor-widget-wrap elementor-element-populated\">\n\t\t\t\t\t\t<div class=\"elementor-element elementor-element-5c0e3ff elementor-widget elementor-widget-image\" data-id=\"5c0e3ff\" data-element_type=\"widget\" data-widget_type=\"image.default\">\n\t\t\t\t<div class=\"elementor-widget-container\">\n\t\t\t\t\t\t\t\t\t\t\t\t\t<img loading=\"lazy\" decoding=\"async\" width=\"590\" height=\"400\" src=\"https:\/\/www.austria-wien.at\/ak\/wp-content\/uploads\/2018\/11\/img-09-free-img.jpg\" class=\"attachment-full size-full wp-image-88\" alt=\"\" srcset=\"https:\/\/www.austria-wien.at\/ak\/wp-content\/uploads\/2018\/11\/img-09-free-img.jpg 590w, https:\/\/www.austria-wien.at\/ak\/wp-content\/uploads\/2018\/11\/img-09-free-img-300x203.jpg 300w\" sizes=\"(max-width: 590px) 100vw, 590px\" \/>\t\t\t\t\t\t\t\t\t\t\t\t\t<\/div>\n\t\t\t\t<\/div>\n\t\t\t\t<div class=\"elementor-element elementor-element-5aa62df elementor-widget elementor-widget-heading\" data-id=\"5aa62df\" data-element_type=\"widget\" data-widget_type=\"heading.default\">\n\t\t\t\t<div class=\"elementor-widget-container\">\n\t\t\t<h4 class=\"elementor-heading-title elementor-size-default\">Go Along With Nature<\/h4>\t\t<\/div>\n\t\t\t\t<\/div>\n\t\t\t\t<div class=\"elementor-element elementor-element-0fb0d36 elementor-widget elementor-widget-text-editor\" data-id=\"0fb0d36\" data-element_type=\"widget\" data-widget_type=\"text-editor.default\">\n\t\t\t\t<div class=\"elementor-widget-container\">\n\t\t\t\t\t\t\t<p>Click edit button to change this text. Lorem ipsum dolor sit amet, consectetur adipiscing elit. Ut elit tellus, luctus nec ullamcorper mattis, pulvinar dapibus leo.\u00a0Proin gravida nibh vel velit auctor aliquet. Aenean sollicitudin, lorem quis.<\/p>\t\t\t\t\t\t<\/div>\n\t\t\t\t<\/div>\n\t\t\t\t<div class=\"elementor-element elementor-element-2c64b74 elementor-widget elementor-widget-heading\" data-id=\"2c64b74\" data-element_type=\"widget\" data-widget_type=\"heading.default\">\n\t\t\t\t<div class=\"elementor-widget-container\">\n\t\t\t<h4 class=\"elementor-heading-title elementor-size-default\">Luctus nec ullamcorper mattis, pulvinar dapibus leo.\u00a0Proin gravida nibh vel velit auctor aliquet<\/h4>\t\t<\/div>\n\t\t\t\t<\/div>\n\t\t\t\t\t<\/div>\n\t\t<\/div>\n\t\t\t\t\t<\/div>\n\t\t<\/section>\n\t\t\t\t<\/div>\n\t\t","protected":false},"excerpt":{"rendered":"<p>Gallerie Austernkr\u00e4nzchen 2025 Der diesj\u00e4hrige Ball bot einen festlichen Abend voller Eleganz, Begegnungen und kultureller Vielfalt. In stilvollem Ambiente er\u00f6ffnete die Veranstaltung Raum f\u00fcr Austausch, Geselligkeit und Tanz. Ein sorgf\u00e4ltig kuratiertes Programm aus musikalischen Darbietungen, kulinarischen Gen\u00fcssen und k\u00fcnstlerischen Inszenierungen schuf ein einzigartiges Gesamterlebnis. Der Ball verstand sich als Ort des Miteinanders, an dem Tradition &hellip;<\/p>\n<p class=\"read-more\"> <a class=\"\" href=\"https:\/\/www.austria-wien.at\/ak\/ak24\/\"> <span class=\"screen-reader-text\">Austernkr\u00e4nzchen 2024<\/span> Read More &raquo;<\/a><\/p>\n","protected":false},"author":3,"featured_media":0,"parent":0,"menu_order":0,"comment_status":"closed","ping_status":"closed","template":"","meta":{"footnotes":""},"class_list":["post-507","page","type-page","status-publish","hentry"],"_links":{"self":[{"href":"https:\/\/www.austria-wien.at\/ak\/wp-json\/wp\/v2\/pages\/507","targetHints":{"allow":["GET"]}}],"collection":[{"href":"https:\/\/www.austria-wien.at\/ak\/wp-json\/wp\/v2\/pages"}],"about":[{"href":"https:\/\/www.austria-wien.at\/ak\/wp-json\/wp\/v2\/types\/page"}],"author":[{"embeddable":true,"href":"https:\/\/www.austria-wien.at\/ak\/wp-json\/wp\/v2\/users\/3"}],"replies":[{"embeddable":true,"href":"https:\/\/www.austria-wien.at\/ak\/wp-json\/wp\/v2\/comments?post=507"}],"version-history":[{"count":32,"href":"https:\/\/www.austria-wien.at\/ak\/wp-json\/wp\/v2\/pages\/507\/revisions"}],"predecessor-version":[{"id":1844,"href":"https:\/\/www.austria-wien.at\/ak\/wp-json\/wp\/v2\/pages\/507\/revisions\/1844"}],"wp:attachment":[{"href":"https:\/\/www.austria-wien.at\/ak\/wp-json\/wp\/v2\/media?parent=507"}],"curies":[{"name":"wp","href":"https:\/\/api.w.org\/{rel}","templated":true}]}}