{"id":6,"date":"2018-11-26T12:45:27","date_gmt":"2018-11-26T11:45:27","guid":{"rendered":"https:\/\/www.austria-wien.at\/ak\/home\/"},"modified":"2026-04-10T17:18:47","modified_gmt":"2026-04-10T15:18:47","slug":"home","status":"publish","type":"page","link":"https:\/\/www.austria-wien.at\/ak\/","title":{"rendered":"Home"},"content":{"rendered":"\t\t<div data-elementor-type=\"wp-post\" data-elementor-id=\"6\" class=\"elementor elementor-6\">\n\t\t\t\t\t\t<section class=\"elementor-section elementor-top-section elementor-element elementor-element-567911d elementor-section-content-middle elementor-section-boxed elementor-section-height-default elementor-section-height-default\" data-id=\"567911d\" data-element_type=\"section\" data-settings=\"{&quot;background_background&quot;:&quot;classic&quot;,&quot;shape_divider_bottom&quot;:&quot;tilt&quot;}\">\n\t\t\t\t\t\t\t<div class=\"elementor-background-overlay\"><\/div>\n\t\t\t\t\t\t<div class=\"elementor-shape elementor-shape-bottom\" data-negative=\"false\">\n\t\t\t<svg xmlns=\"http:\/\/www.w3.org\/2000\/svg\" viewBox=\"0 0 1000 100\" preserveAspectRatio=\"none\">\n\t<path class=\"elementor-shape-fill\" d=\"M0,6V0h1000v100L0,6z\"\/>\n<\/svg>\t\t<\/div>\n\t\t\t\t\t<div class=\"elementor-container elementor-column-gap-no\">\n\t\t\t\t\t<div class=\"elementor-column elementor-col-100 elementor-top-column elementor-element elementor-element-b3743c8\" data-id=\"b3743c8\" data-element_type=\"column\">\n\t\t\t<div class=\"elementor-widget-wrap elementor-element-populated\">\n\t\t\t\t\t\t<div class=\"elementor-element elementor-element-0cfef53 elementor-widget elementor-widget-heading\" data-id=\"0cfef53\" data-element_type=\"widget\" data-widget_type=\"heading.default\">\n\t\t\t\t<div class=\"elementor-widget-container\">\n\t\t\t<h5 class=\"elementor-heading-title elementor-size-default\">tanzen am   <\/h5>\t\t<\/div>\n\t\t\t\t<\/div>\n\t\t\t\t<div class=\"elementor-element elementor-element-82092e7 elementor-widget elementor-widget-heading\" data-id=\"82092e7\" data-element_type=\"widget\" data-widget_type=\"heading.default\">\n\t\t\t\t<div class=\"elementor-widget-container\">\n\t\t\t<h2 class=\"elementor-heading-title elementor-size-default\">Austernkr\u00e4nzchen<\/h2>\t\t<\/div>\n\t\t\t\t<\/div>\n\t\t\t\t<div class=\"elementor-element elementor-element-74aa860 elementor-widget elementor-widget-text-editor\" data-id=\"74aa860\" data-element_type=\"widget\" data-widget_type=\"text-editor.default\">\n\t\t\t\t<div class=\"elementor-widget-container\">\n\t\t\t\t\t\t\t<p style=\"text-align: center;\">24. J\u00e4nner 2026<\/p>\t\t\t\t\t\t<\/div>\n\t\t\t\t<\/div>\n\t\t\t\t<div class=\"elementor-element elementor-element-4dc6fc8 elementor-widget elementor-widget-text-editor\" data-id=\"4dc6fc8\" data-element_type=\"widget\" data-widget_type=\"text-editor.default\">\n\t\t\t\t<div class=\"elementor-widget-container\">\n\t\t\t\t\t\t\t<p style=\"text-align: center;\"><span style=\"font-style: inherit; font-weight: inherit; letter-spacing: -1.6px;\"><br \/>Palais Daun-Kinsky<\/span><\/p>\t\t\t\t\t\t<\/div>\n\t\t\t\t<\/div>\n\t\t\t\t<div class=\"elementor-element elementor-element-c0c1b56 elementor-widget elementor-widget-text-editor\" data-id=\"c0c1b56\" data-element_type=\"widget\" data-widget_type=\"text-editor.default\">\n\t\t\t\t<div class=\"elementor-widget-container\">\n\t\t\t\t\t\t\t<p style=\"text-align: center;\"><span class=\"LrzXr\">Freyung 4, 1010 Wien<\/span><\/p>\t\t\t\t\t\t<\/div>\n\t\t\t\t<\/div>\n\t\t\t\t<div class=\"elementor-element elementor-element-52aaddc elementor-widget elementor-widget-image\" data-id=\"52aaddc\" data-element_type=\"widget\" data-widget_type=\"image.default\">\n\t\t\t\t<div class=\"elementor-widget-container\">\n\t\t\t\t\t\t\t\t\t\t\t\t\t<img fetchpriority=\"high\" decoding=\"async\" width=\"768\" height=\"402\" src=\"https:\/\/www.austria-wien.at\/ak\/wp-content\/uploads\/2025\/10\/150-Jahre-Logo.png\" class=\"attachment-medium_large size-medium_large wp-image-1871\" alt=\"\" \/>\t\t\t\t\t\t\t\t\t\t\t\t\t<\/div>\n\t\t\t\t<\/div>\n\t\t\t\t<div class=\"elementor-element elementor-element-f1f059f elementor-align-center elementor-widget elementor-widget-button\" data-id=\"f1f059f\" data-element_type=\"widget\" data-widget_type=\"button.default\">\n\t\t\t\t<div class=\"elementor-widget-container\">\n\t\t\t\t\t<div class=\"elementor-button-wrapper\">\n\t\t\t<a class=\"elementor-button elementor-button-link elementor-size-sm\" href=\"#Kartenbestellung\">\n\t\t\t\t\t\t<span class=\"elementor-button-content-wrapper\">\n\t\t\t\t\t\t<span class=\"elementor-button-text\">Karten<\/span>\n\t\t<\/span>\n\t\t\t\t\t<\/a>\n\t\t<\/div>\n\t\t\t\t<\/div>\n\t\t\t\t<\/div>\n\t\t\t\t<div class=\"elementor-element elementor-element-46c1f89 elementor-hidden-desktop elementor-hidden-tablet elementor-hidden-mobile elementor-widget elementor-widget-heading\" data-id=\"46c1f89\" data-element_type=\"widget\" data-widget_type=\"heading.default\">\n\t\t\t\t<div class=\"elementor-widget-container\">\n\t\t\t<h5 class=\"elementor-heading-title elementor-size-default\">Kartenvorverkauf ab September 2024<\/h5>\t\t<\/div>\n\t\t\t\t<\/div>\n\t\t\t\t\t<\/div>\n\t\t<\/div>\n\t\t\t\t\t<\/div>\n\t\t<\/section>\n\t\t\t\t<section class=\"elementor-section elementor-top-section elementor-element elementor-element-72897bd elementor-section-content-middle elementor-section-boxed elementor-section-height-default elementor-section-height-default\" data-id=\"72897bd\" data-element_type=\"section\" data-settings=\"{&quot;shape_divider_top&quot;:&quot;tilt&quot;}\">\n\t\t\t\t\t<div class=\"elementor-shape elementor-shape-top\" data-negative=\"false\">\n\t\t\t<svg xmlns=\"http:\/\/www.w3.org\/2000\/svg\" viewBox=\"0 0 1000 100\" preserveAspectRatio=\"none\">\n\t<path class=\"elementor-shape-fill\" d=\"M0,6V0h1000v100L0,6z\"\/>\n<\/svg>\t\t<\/div>\n\t\t\t\t\t<div class=\"elementor-container elementor-column-gap-no\">\n\t\t\t\t\t<div class=\"elementor-column elementor-col-100 elementor-top-column elementor-element elementor-element-7199241\" data-id=\"7199241\" data-element_type=\"column\">\n\t\t\t<div class=\"elementor-widget-wrap elementor-element-populated\">\n\t\t\t\t\t\t<div class=\"elementor-element elementor-element-c4d0e0d elementor-widget elementor-widget-heading\" data-id=\"c4d0e0d\" data-element_type=\"widget\" data-widget_type=\"heading.default\">\n\t\t\t\t<div class=\"elementor-widget-container\">\n\t\t\t<h5 class=\"elementor-heading-title elementor-size-default\">Der Ball der K.\u00d6.ST.V Austria-Wien<\/h5>\t\t<\/div>\n\t\t\t\t<\/div>\n\t\t\t\t<div class=\"elementor-element elementor-element-2a8eb2a elementor-widget elementor-widget-heading\" data-id=\"2a8eb2a\" data-element_type=\"widget\" data-widget_type=\"heading.default\">\n\t\t\t\t<div class=\"elementor-widget-container\">\n\t\t\t<h2 class=\"elementor-heading-title elementor-size-default\">Das Austernkr\u00e4nzchen<\/h2>\t\t<\/div>\n\t\t\t\t<\/div>\n\t\t\t\t<div class=\"elementor-element elementor-element-2700375 elementor-widget elementor-widget-text-editor\" data-id=\"2700375\" data-element_type=\"widget\" data-widget_type=\"text-editor.default\">\n\t\t\t\t<div class=\"elementor-widget-container\">\n\t\t\t\t\t\t\t<p style=\"text-align: center;\"><span data-contrast=\"auto\">Das Austernkr\u00e4nzchen ist der couleurstudentische Traditionsball der Studentenverbindung Austria-Wien. Immer wieder in der Geschichte der Austria-Wien wurde ein Kr\u00e4nzchen f\u00fcr die Verbindung organisiert. Seit 2020 ist wieder eine neue Welle der Tanzlust \u00fcber die Austria gekommen. <\/span>\u00a0<\/p><p><span data-contrast=\"auto\">Das erkl\u00e4rte Ziel ist, das gesellschaftliche Zusammenleben j\u00e4hrlich durch diese Veranstaltung zu f\u00f6rdern, Alt und Jung auf das Tanzparkett zu bringen und schlie\u00dflich, diese sch\u00f6ne Tradition wiederaufleben zu lassen. <\/span>\u00a0<br \/><span data-contrast=\"auto\">Das Konzept der in der Vergangenheit veranstalteten \u201eAustria Redoute\u201c wurde aufgegriffen, aktualisiert und sorgt wieder mit vielf\u00e4ltigem Programm f\u00fcr strahlende Gesichter.<\/span><span data-ccp-props=\"{\">\u00a0<\/span><\/p><p><span data-contrast=\"auto\">Das Warten hat ein Ende!<\/span><span data-ccp-props=\"{\">\u00a0<\/span><\/p><p><span data-contrast=\"auto\">Am 24. J\u00e4nner 2026, kn\u00fcpfen wir dort an, wo wir in der letzten Ballsaison aufgeh\u00f6rt haben und hoffen erneut auf Euer zahlreiches Erscheinen<\/span><\/p>\t\t\t\t\t\t<\/div>\n\t\t\t\t<\/div>\n\t\t\t\t<div class=\"elementor-element elementor-element-46e0e09 elementor-hidden-desktop elementor-hidden-tablet elementor-hidden-mobile elementor-widget elementor-widget-text-editor\" data-id=\"46e0e09\" data-element_type=\"widget\" data-widget_type=\"text-editor.default\">\n\t\t\t\t<div class=\"elementor-widget-container\">\n\t\t\t\t\t\t\t<p>Das Austernkr\u00e4nzchen ist der couleurstudentische Traditionsball der Studentenverbindung Austria-Wien. Die Tradition, welche in den letzten Jahren in Vergessenheit geraten ist, wurde 2020, vor der Pandemie, wieder ins Leben gerufen und konnte 2023 <span style=\"font-size: 16px; font-style: normal; font-weight: 400;\">erneut<\/span><span style=\"font-size: 16px;\"> ein Come-Back feiern.<\/span><\/p><p>Dies zum Zweck, das gesellschaftliche Zusammenleben j\u00e4hrlich wiederkehrend durch diese Veranstaltung zu f\u00f6rdern, Alt und Jung auf das Tanzparkett zu bringen und schlie\u00dflich, um diese sch\u00f6ne Tradition wiederaufleben zu lassen. Das Konzept der in der Vergangenheit veranstalteten \u201eAustria Redoute\u201c wurde aufgegriffen, aktualisiert und sorgte am 18. J\u00e4nner 2020 erstmals wieder f\u00fcr eine rauschende Ballnacht mit vielf\u00e4ltigem Programm und f\u00fcr strahlende Gesichter.<\/p><p>Das Warten hat ein Ende! <br \/>Am 7. J\u00e4nner 2023 , kn\u00fcpfen wir dort an, wo wir im J\u00e4nner 2020 aufgeh\u00f6rt haben und am 20. J\u00e4nner 2024 hoffen wir erneut auf Euer zahlreiches Erscheinen!<\/p>\t\t\t\t\t\t<\/div>\n\t\t\t\t<\/div>\n\t\t\t\t\t<\/div>\n\t\t<\/div>\n\t\t\t\t\t<\/div>\n\t\t<\/section>\n\t\t\t\t<section class=\"elementor-section elementor-top-section elementor-element elementor-element-592e37c elementor-section-boxed elementor-section-height-default elementor-section-height-default\" data-id=\"592e37c\" data-element_type=\"section\" data-settings=\"{&quot;background_background&quot;:&quot;classic&quot;}\">\n\t\t\t\t\t\t<div class=\"elementor-container elementor-column-gap-default\">\n\t\t\t\t\t<div class=\"elementor-column elementor-col-100 elementor-top-column elementor-element elementor-element-b48240e\" data-id=\"b48240e\" data-element_type=\"column\">\n\t\t\t<div class=\"elementor-widget-wrap elementor-element-populated\">\n\t\t\t\t\t\t<div class=\"elementor-element elementor-element-a4471ea elementor-position-top elementor-widget elementor-widget-image-box\" data-id=\"a4471ea\" data-element_type=\"widget\" data-widget_type=\"image-box.default\">\n\t\t\t\t<div class=\"elementor-widget-container\">\n\t\t\t<div class=\"elementor-image-box-wrapper\"><figure class=\"elementor-image-box-img\"><img decoding=\"async\" width=\"1080\" height=\"1080\" src=\"https:\/\/www.austria-wien.at\/ak\/wp-content\/uploads\/2026\/01\/Decentral.gif\" class=\"attachment-full size-full wp-image-1914\" alt=\"\" \/><\/figure><div class=\"elementor-image-box-content\"><h3 class=\"elementor-image-box-title\">Pre-Ball Sektempfang im <br>Caf\u00e9 Decentral<br><span style=\"color: rgb(255, 255, 255); font-family: commitmono-variablefont, Helvetica, Arial, sans-serif; font-size: 15px; font-weight: 400; text-align: right; white-space-collapse: collapse;\">Freyung 3\/1, 1010 Wien<\/span><\/h3><p class=\"elementor-image-box-description\">Wir laden herzlich zu einem Sektempfang von 19.00 -20.00 Uhr im neuen Caf\u00e9 Decentral ein. \n<br>\nDas erste Glas geht auf uns! <br>\nGegen Vorlage der Ballkarte hei\u00dfen wir euch gerne mit einem Glas Sekt willkommen. Alle weiteren bekommt ihr zu einem verg\u00fcnstigten Preis angeboten. \n\n<\/p><\/div><\/div>\t\t<\/div>\n\t\t\t\t<\/div>\n\t\t\t\t\t<\/div>\n\t\t<\/div>\n\t\t\t\t\t<\/div>\n\t\t<\/section>\n\t\t\t\t<section class=\"elementor-section elementor-top-section elementor-element elementor-element-2f2bd93 elementor-section-content-middle elementor-section-boxed elementor-section-height-default elementor-section-height-default\" data-id=\"2f2bd93\" data-element_type=\"section\" data-settings=\"{&quot;background_background&quot;:&quot;classic&quot;,&quot;shape_divider_bottom&quot;:&quot;tilt&quot;}\">\n\t\t\t\t\t<div class=\"elementor-shape elementor-shape-bottom\" data-negative=\"false\">\n\t\t\t<svg xmlns=\"http:\/\/www.w3.org\/2000\/svg\" viewBox=\"0 0 1000 100\" preserveAspectRatio=\"none\">\n\t<path class=\"elementor-shape-fill\" d=\"M0,6V0h1000v100L0,6z\"\/>\n<\/svg>\t\t<\/div>\n\t\t\t\t\t<div class=\"elementor-container elementor-column-gap-default\">\n\t\t\t\t\t<div class=\"elementor-column elementor-col-100 elementor-top-column elementor-element elementor-element-c8a509c\" data-id=\"c8a509c\" data-element_type=\"column\">\n\t\t\t<div class=\"elementor-widget-wrap elementor-element-populated\">\n\t\t\t\t\t\t<div class=\"elementor-element elementor-element-1288b78 elementor-widget elementor-widget-video\" data-id=\"1288b78\" data-element_type=\"widget\" data-settings=\"{&quot;youtube_url&quot;:&quot;https:\\\/\\\/www.youtube.com\\\/watch?v=U5ZV_uNd-wc&amp;ab_channel=K.%C3%96.St.V.Austria-Wien&quot;,&quot;yt_privacy&quot;:&quot;yes&quot;,&quot;video_type&quot;:&quot;youtube&quot;,&quot;controls&quot;:&quot;yes&quot;}\" data-widget_type=\"video.default\">\n\t\t\t\t<div class=\"elementor-widget-container\">\n\t\t\t\t\t<div class=\"elementor-wrapper elementor-open-inline\">\n\t\t\t<div class=\"elementor-video\"><\/div>\t\t<\/div>\n\t\t\t\t<\/div>\n\t\t\t\t<\/div>\n\t\t\t\t\t<\/div>\n\t\t<\/div>\n\t\t\t\t\t<\/div>\n\t\t<\/section>\n\t\t\t\t<section class=\"elementor-section elementor-top-section elementor-element elementor-element-a652f1e elementor-section-content-middle elementor-section-boxed elementor-section-height-default elementor-section-height-default\" data-id=\"a652f1e\" data-element_type=\"section\" data-settings=\"{&quot;shape_divider_top&quot;:&quot;tilt&quot;}\">\n\t\t\t\t\t<div class=\"elementor-shape elementor-shape-top\" data-negative=\"false\">\n\t\t\t<svg xmlns=\"http:\/\/www.w3.org\/2000\/svg\" viewBox=\"0 0 1000 100\" preserveAspectRatio=\"none\">\n\t<path class=\"elementor-shape-fill\" d=\"M0,6V0h1000v100L0,6z\"\/>\n<\/svg>\t\t<\/div>\n\t\t\t\t\t<div class=\"elementor-container elementor-column-gap-no\">\n\t\t\t\t\t<div class=\"elementor-column elementor-col-100 elementor-top-column elementor-element elementor-element-b022204\" data-id=\"b022204\" data-element_type=\"column\">\n\t\t\t<div class=\"elementor-widget-wrap elementor-element-populated\">\n\t\t\t\t\t\t<div class=\"elementor-element elementor-element-eb1a94d elementor-widget elementor-widget-heading\" data-id=\"eb1a94d\" data-element_type=\"widget\" data-widget_type=\"heading.default\">\n\t\t\t\t<div class=\"elementor-widget-container\">\n\t\t\t<h2 class=\"elementor-heading-title elementor-size-default\">Unsere Unterst\u00fctzer<\/h2>\t\t<\/div>\n\t\t\t\t<\/div>\n\t\t\t\t<div class=\"elementor-element elementor-element-5f2ebf0 elementor-widget elementor-widget-text-editor\" data-id=\"5f2ebf0\" data-element_type=\"widget\" data-widget_type=\"text-editor.default\">\n\t\t\t\t<div class=\"elementor-widget-container\">\n\t\t\t\t\t\t\t<p>Wir bedanken uns herzlich bei all unseren Unterst\u00fctzern.<\/p>\t\t\t\t\t\t<\/div>\n\t\t\t\t<\/div>\n\t\t\t\t<div class=\"elementor-element elementor-element-cf15e36 gallery-spacing-custom elementor-widget elementor-widget-image-gallery\" data-id=\"cf15e36\" data-element_type=\"widget\" data-widget_type=\"image-gallery.default\">\n\t\t\t\t<div class=\"elementor-widget-container\">\n\t\t\t\t\t<div class=\"elementor-image-gallery\">\n\t\t\t<div id='gallery-1' class='gallery galleryid-6 gallery-columns-2 gallery-size-medium'><figure class='gallery-item'>\n\t\t\t<div class='gallery-icon landscape'>\n\t\t\t\t<a data-elementor-open-lightbox=\"yes\" data-elementor-lightbox-slideshow=\"cf15e36\" data-elementor-lightbox-title=\"valar\" data-e-action-hash=\"#elementor-action%3Aaction%3Dlightbox%26settings%3DeyJpZCI6MTM4NCwidXJsIjoiaHR0cHM6XC9cL3d3dy5hdXN0cmlhLXdpZW4uYXRcL2FrXC93cC1jb250ZW50XC91cGxvYWRzXC8yMDI1XC8wMVwvdmFsYXIucG5nIiwic2xpZGVzaG93IjoiY2YxNWUzNiJ9\" href='https:\/\/www.austria-wien.at\/ak\/wp-content\/uploads\/2025\/01\/valar.png'><img decoding=\"async\" width=\"300\" height=\"83\" src=\"https:\/\/www.austria-wien.at\/ak\/wp-content\/uploads\/2025\/01\/valar.png\" class=\"attachment-medium size-medium\" alt=\"\" \/><\/a>\n\t\t\t<\/div><\/figure><figure class='gallery-item'>\n\t\t\t<div class='gallery-icon landscape'>\n\t\t\t\t<a data-elementor-open-lightbox=\"yes\" data-elementor-lightbox-slideshow=\"cf15e36\" data-elementor-lightbox-title=\"Logo Notariat HB\" data-e-action-hash=\"#elementor-action%3Aaction%3Dlightbox%26settings%3DeyJpZCI6OTEwLCJ1cmwiOiJodHRwczpcL1wvd3d3LmF1c3RyaWEtd2llbi5hdFwvYWtcL3dwLWNvbnRlbnRcL3VwbG9hZHNcLzIwMjJcLzEyXC9Mb2dvLU5vdGFyaWF0LUhCLmpwZyIsInNsaWRlc2hvdyI6ImNmMTVlMzYifQ%3D%3D\" href='https:\/\/www.austria-wien.at\/ak\/wp-content\/uploads\/2022\/12\/Logo-Notariat-HB.jpg'><img loading=\"lazy\" decoding=\"async\" width=\"300\" height=\"49\" src=\"https:\/\/www.austria-wien.at\/ak\/wp-content\/uploads\/2022\/12\/Logo-Notariat-HB-300x49.jpg\" class=\"attachment-medium size-medium\" alt=\"\" srcset=\"https:\/\/www.austria-wien.at\/ak\/wp-content\/uploads\/2022\/12\/Logo-Notariat-HB-300x49.jpg 300w, https:\/\/www.austria-wien.at\/ak\/wp-content\/uploads\/2022\/12\/Logo-Notariat-HB-1024x166.jpg 1024w, https:\/\/www.austria-wien.at\/ak\/wp-content\/uploads\/2022\/12\/Logo-Notariat-HB-768x124.jpg 768w, https:\/\/www.austria-wien.at\/ak\/wp-content\/uploads\/2022\/12\/Logo-Notariat-HB.jpg 1266w\" sizes=\"(max-width: 300px) 100vw, 300px\" \/><\/a>\n\t\t\t<\/div><\/figure><figure class='gallery-item'>\n\t\t\t<div class='gallery-icon landscape'>\n\t\t\t\t<a data-elementor-open-lightbox=\"yes\" data-elementor-lightbox-slideshow=\"cf15e36\" data-elementor-lightbox-title=\"haid_partner\" data-e-action-hash=\"#elementor-action%3Aaction%3Dlightbox%26settings%3DeyJpZCI6OTA5LCJ1cmwiOiJodHRwczpcL1wvd3d3LmF1c3RyaWEtd2llbi5hdFwvYWtcL3dwLWNvbnRlbnRcL3VwbG9hZHNcLzIwMjJcLzEyXC9oYWlkX3BhcnRuZXIuanBlZyIsInNsaWRlc2hvdyI6ImNmMTVlMzYifQ%3D%3D\" href='https:\/\/www.austria-wien.at\/ak\/wp-content\/uploads\/2022\/12\/haid_partner.jpeg'><img loading=\"lazy\" decoding=\"async\" width=\"300\" height=\"72\" src=\"https:\/\/www.austria-wien.at\/ak\/wp-content\/uploads\/2022\/12\/haid_partner-300x72.jpeg\" class=\"attachment-medium size-medium\" alt=\"\" srcset=\"https:\/\/www.austria-wien.at\/ak\/wp-content\/uploads\/2022\/12\/haid_partner-300x72.jpeg 300w, https:\/\/www.austria-wien.at\/ak\/wp-content\/uploads\/2022\/12\/haid_partner-1024x246.jpeg 1024w, https:\/\/www.austria-wien.at\/ak\/wp-content\/uploads\/2022\/12\/haid_partner-768x184.jpeg 768w, https:\/\/www.austria-wien.at\/ak\/wp-content\/uploads\/2022\/12\/haid_partner-1536x369.jpeg 1536w, https:\/\/www.austria-wien.at\/ak\/wp-content\/uploads\/2022\/12\/haid_partner.jpeg 1770w\" sizes=\"(max-width: 300px) 100vw, 300px\" \/><\/a>\n\t\t\t<\/div><\/figure><figure class='gallery-item'>\n\t\t\t<div class='gallery-icon landscape'>\n\t\t\t\t<a data-elementor-open-lightbox=\"yes\" data-elementor-lightbox-slideshow=\"cf15e36\" data-elementor-lightbox-title=\"LindnerStimmler-Blue-RGB_2784px\" data-e-action-hash=\"#elementor-action%3Aaction%3Dlightbox%26settings%3DeyJpZCI6MTM4MiwidXJsIjoiaHR0cHM6XC9cL3d3dy5hdXN0cmlhLXdpZW4uYXRcL2FrXC93cC1jb250ZW50XC91cGxvYWRzXC8yMDI1XC8wMVwvTGluZG5lclN0aW1tbGVyLUJsdWUtUkdCXzI3ODRweC5wbmciLCJzbGlkZXNob3ciOiJjZjE1ZTM2In0%3D\" href='https:\/\/www.austria-wien.at\/ak\/wp-content\/uploads\/2025\/01\/LindnerStimmler-Blue-RGB_2784px.png'><img loading=\"lazy\" decoding=\"async\" width=\"300\" height=\"60\" src=\"https:\/\/www.austria-wien.at\/ak\/wp-content\/uploads\/2025\/01\/LindnerStimmler-Blue-RGB_2784px.png\" class=\"attachment-medium size-medium\" alt=\"\" \/><\/a>\n\t\t\t<\/div><\/figure><figure class='gallery-item'>\n\t\t\t<div class='gallery-icon landscape'>\n\t\t\t\t<a data-elementor-open-lightbox=\"yes\" data-elementor-lightbox-slideshow=\"cf15e36\" data-elementor-lightbox-title=\"Schneider\" data-e-action-hash=\"#elementor-action%3Aaction%3Dlightbox%26settings%3DeyJpZCI6MTM4NywidXJsIjoiaHR0cHM6XC9cL3d3dy5hdXN0cmlhLXdpZW4uYXRcL2FrXC93cC1jb250ZW50XC91cGxvYWRzXC8yMDI1XC8wMVwvU2NobmVpZGVyLnBuZyIsInNsaWRlc2hvdyI6ImNmMTVlMzYifQ%3D%3D\" href='https:\/\/www.austria-wien.at\/ak\/wp-content\/uploads\/2025\/01\/Schneider.png'><img loading=\"lazy\" decoding=\"async\" width=\"300\" height=\"152\" src=\"https:\/\/www.austria-wien.at\/ak\/wp-content\/uploads\/2025\/01\/Schneider.png\" class=\"attachment-medium size-medium\" alt=\"\" \/><\/a>\n\t\t\t<\/div><\/figure><figure class='gallery-item'>\n\t\t\t<div class='gallery-icon landscape'>\n\t\t\t\t<a data-elementor-open-lightbox=\"yes\" data-elementor-lightbox-slideshow=\"cf15e36\" data-elementor-lightbox-title=\"logo_rhomberg_quer_rgb\" data-e-action-hash=\"#elementor-action%3Aaction%3Dlightbox%26settings%3DeyJpZCI6MTkyMCwidXJsIjoiaHR0cHM6XC9cL3d3dy5hdXN0cmlhLXdpZW4uYXRcL2FrXC93cC1jb250ZW50XC91cGxvYWRzXC8yMDI2XC8wMVwvbG9nb19yaG9tYmVyZ19xdWVyX3JnYi5qcGciLCJzbGlkZXNob3ciOiJjZjE1ZTM2In0%3D\" href='https:\/\/www.austria-wien.at\/ak\/wp-content\/uploads\/2026\/01\/logo_rhomberg_quer_rgb.jpg'><img loading=\"lazy\" decoding=\"async\" width=\"300\" height=\"84\" src=\"https:\/\/www.austria-wien.at\/ak\/wp-content\/uploads\/2026\/01\/logo_rhomberg_quer_rgb.jpg\" class=\"attachment-medium size-medium\" alt=\"\" \/><\/a>\n\t\t\t<\/div><\/figure><figure class='gallery-item'>\n\t\t\t<div class='gallery-icon landscape'>\n\t\t\t\t<a data-elementor-open-lightbox=\"yes\" data-elementor-lightbox-slideshow=\"cf15e36\" data-elementor-lightbox-title=\"weingut-reckendorfer_logo_negativ\" data-e-action-hash=\"#elementor-action%3Aaction%3Dlightbox%26settings%3DeyJpZCI6MTkyMSwidXJsIjoiaHR0cHM6XC9cL3d3dy5hdXN0cmlhLXdpZW4uYXRcL2FrXC93cC1jb250ZW50XC91cGxvYWRzXC8yMDI2XC8wMVwvd2Vpbmd1dC1yZWNrZW5kb3JmZXJfbG9nb19uZWdhdGl2LmpwZyIsInNsaWRlc2hvdyI6ImNmMTVlMzYifQ%3D%3D\" href='https:\/\/www.austria-wien.at\/ak\/wp-content\/uploads\/2026\/01\/weingut-reckendorfer_logo_negativ.jpg'><img loading=\"lazy\" decoding=\"async\" width=\"300\" height=\"78\" src=\"https:\/\/www.austria-wien.at\/ak\/wp-content\/uploads\/2026\/01\/weingut-reckendorfer_logo_negativ.jpg\" class=\"attachment-medium size-medium\" alt=\"\" \/><\/a>\n\t\t\t<\/div><\/figure><figure class='gallery-item'>\n\t\t\t<div class='gallery-icon portrait'>\n\t\t\t\t<a data-elementor-open-lightbox=\"yes\" data-elementor-lightbox-slideshow=\"cf15e36\" data-elementor-lightbox-title=\"Teddy Logo\" data-e-action-hash=\"#elementor-action%3Aaction%3Dlightbox%26settings%3DeyJpZCI6MTkyMiwidXJsIjoiaHR0cHM6XC9cL3d3dy5hdXN0cmlhLXdpZW4uYXRcL2FrXC93cC1jb250ZW50XC91cGxvYWRzXC8yMDI2XC8wMVwvVGVkZHktTG9nby5qcGVnIiwic2xpZGVzaG93IjoiY2YxNWUzNiJ9\" href='https:\/\/www.austria-wien.at\/ak\/wp-content\/uploads\/2026\/01\/Teddy-Logo.jpeg'><img loading=\"lazy\" decoding=\"async\" width=\"240\" height=\"300\" src=\"https:\/\/www.austria-wien.at\/ak\/wp-content\/uploads\/2026\/01\/Teddy-Logo.jpeg\" class=\"attachment-medium size-medium\" alt=\"\" \/><\/a>\n\t\t\t<\/div><\/figure>\n\t\t<\/div>\n\t\t<\/div>\n\t\t\t\t<\/div>\n\t\t\t\t<\/div>\n\t\t\t\t<div class=\"elementor-element elementor-element-7c14b10 gallery-spacing-custom elementor-hidden-desktop elementor-hidden-tablet elementor-hidden-mobile elementor-widget elementor-widget-image-gallery\" data-id=\"7c14b10\" data-element_type=\"widget\" data-widget_type=\"image-gallery.default\">\n\t\t\t\t<div class=\"elementor-widget-container\">\n\t\t\t\t\t<div class=\"elementor-image-gallery\">\n\t\t\t<div id='gallery-2' class='gallery galleryid-6 gallery-columns-1 gallery-size-medium'><figure class='gallery-item'>\n\t\t\t<div class='gallery-icon landscape'>\n\t\t\t\t<a data-elementor-open-lightbox=\"yes\" data-elementor-lightbox-slideshow=\"7c14b10\" data-elementor-lightbox-title=\"Inserat Lukas Mandl__Austernkr\u00e4nzchen_links\" data-e-action-hash=\"#elementor-action%3Aaction%3Dlightbox%26settings%3DeyJpZCI6MTEyNSwidXJsIjoiaHR0cHM6XC9cL3d3dy5hdXN0cmlhLXdpZW4uYXRcL2FrXC93cC1jb250ZW50XC91cGxvYWRzXC8yMDI0XC8wMVwvSW5zZXJhdC1MdWthcy1NYW5kbF9fQXVzdGVybmtyYWVuemNoZW5fbGlua3MucG5nIiwic2xpZGVzaG93IjoiN2MxNGIxMCJ9\" href='https:\/\/www.austria-wien.at\/ak\/wp-content\/uploads\/2024\/01\/Inserat-Lukas-Mandl__Austernkraenzchen_links.png'><img loading=\"lazy\" decoding=\"async\" width=\"300\" height=\"214\" src=\"https:\/\/www.austria-wien.at\/ak\/wp-content\/uploads\/2024\/01\/Inserat-Lukas-Mandl__Austernkraenzchen_links.png\" class=\"attachment-medium size-medium\" alt=\"\" \/><\/a>\n\t\t\t<\/div><\/figure>\n\t\t<\/div>\n\t\t<\/div>\n\t\t\t\t<\/div>\n\t\t\t\t<\/div>\n\t\t\t\t\t<\/div>\n\t\t<\/div>\n\t\t\t\t\t<\/div>\n\t\t<\/section>\n\t\t\t\t<section class=\"elementor-section elementor-top-section elementor-element elementor-element-36db80a elementor-section-content-middle elementor-section-boxed elementor-section-height-default elementor-section-height-default\" data-id=\"36db80a\" data-element_type=\"section\" data-settings=\"{&quot;background_background&quot;:&quot;classic&quot;,&quot;shape_divider_top&quot;:&quot;tilt&quot;,&quot;shape_divider_bottom&quot;:&quot;tilt&quot;}\">\n\t\t\t\t\t\t\t<div class=\"elementor-background-overlay\"><\/div>\n\t\t\t\t\t\t<div class=\"elementor-shape elementor-shape-top\" data-negative=\"false\">\n\t\t\t<svg xmlns=\"http:\/\/www.w3.org\/2000\/svg\" viewBox=\"0 0 1000 100\" preserveAspectRatio=\"none\">\n\t<path class=\"elementor-shape-fill\" d=\"M0,6V0h1000v100L0,6z\"\/>\n<\/svg>\t\t<\/div>\n\t\t\t\t<div class=\"elementor-shape elementor-shape-bottom\" data-negative=\"false\">\n\t\t\t<svg xmlns=\"http:\/\/www.w3.org\/2000\/svg\" viewBox=\"0 0 1000 100\" preserveAspectRatio=\"none\">\n\t<path class=\"elementor-shape-fill\" d=\"M0,6V0h1000v100L0,6z\"\/>\n<\/svg>\t\t<\/div>\n\t\t\t\t\t<div class=\"elementor-container elementor-column-gap-no\">\n\t\t\t\t\t<div class=\"elementor-column elementor-col-100 elementor-top-column elementor-element elementor-element-386ff2c\" data-id=\"386ff2c\" data-element_type=\"column\" data-settings=\"{&quot;background_background&quot;:&quot;classic&quot;}\">\n\t\t\t<div class=\"elementor-widget-wrap elementor-element-populated\">\n\t\t\t\t\t<div class=\"elementor-background-overlay\"><\/div>\n\t\t\t\t\t\t<section class=\"elementor-section elementor-inner-section elementor-element elementor-element-c67b229 elementor-section-boxed elementor-section-height-default elementor-section-height-default\" data-id=\"c67b229\" data-element_type=\"section\">\n\t\t\t\t\t\t<div class=\"elementor-container elementor-column-gap-default\">\n\t\t\t\t\t<div class=\"elementor-column elementor-col-50 elementor-inner-column elementor-element elementor-element-7b8d9f4\" data-id=\"7b8d9f4\" data-element_type=\"column\">\n\t\t\t<div class=\"elementor-widget-wrap elementor-element-populated\">\n\t\t\t\t\t\t<div class=\"elementor-element elementor-element-e83ebdf elementor-widget elementor-widget-heading\" data-id=\"e83ebdf\" data-element_type=\"widget\" data-widget_type=\"heading.default\">\n\t\t\t\t<div class=\"elementor-widget-container\">\n\t\t\t<h2 class=\"elementor-heading-title elementor-size-default\">Ballprogramm<\/h2>\t\t<\/div>\n\t\t\t\t<\/div>\n\t\t\t\t<div class=\"elementor-element elementor-element-27eb372 elementor-widget elementor-widget-text-editor\" data-id=\"27eb372\" data-element_type=\"widget\" data-widget_type=\"text-editor.default\">\n\t\t\t\t<div class=\"elementor-widget-container\">\n\t\t\t\t\t\t\t<p style=\"text-align: center;\">19.00 &#8211; 20.00 Uhr Sektempfang im Caf\u00e9 Decentral<br \/>*<\/p><p style=\"text-align: center;\">R\u00e9ception um 20.15 Uhr<br \/>*<br \/>Feierliche Er\u00f6ffnung um 21.00 Uhr<\/p><p style=\"text-align: center;\">Er\u00f6ffnungseinlage<br \/>*<br \/>klassische Tanzmusik und\u00a0<br \/>Jazz-Band \u201eThe Oysters\u201c\u00a0<br \/>*<br \/>23:30 Ehrungen im Gro\u00dfen Ball-Saal<br \/>anschlie\u00dfend<br \/>Versteigerung und Mitternachtsquadrille<br \/><span style=\"font-size: 16px;\">*<br \/><\/span>Disco mit DJ ab 00:30 Uhr im Herrensalon<br \/><span style=\"font-size: 16px;\">*<br \/><\/span>Ballende 03:00 Uhr<br \/>Ausklang auf der Bude der K.\u00d6.St.V. Austria-Wien<\/p>\t\t\t\t\t\t<\/div>\n\t\t\t\t<\/div>\n\t\t\t\t<div class=\"elementor-element elementor-element-15cad0f elementor-widget elementor-widget-image\" data-id=\"15cad0f\" data-element_type=\"widget\" data-widget_type=\"image.default\">\n\t\t\t\t<div class=\"elementor-widget-container\">\n\t\t\t\t\t\t\t\t\t\t\t\t\t<img decoding=\"async\" src=\"https:\/\/www.austria-wien.at\/ak\/wp-content\/uploads\/2023\/10\/raumplan.png\" title=\"raumplan\" alt=\"raumplan\" loading=\"lazy\" \/>\t\t\t\t\t\t\t\t\t\t\t\t\t<\/div>\n\t\t\t\t<\/div>\n\t\t\t\t\t<\/div>\n\t\t<\/div>\n\t\t\t\t<div class=\"elementor-column elementor-col-50 elementor-inner-column elementor-element elementor-element-a15932e\" data-id=\"a15932e\" data-element_type=\"column\">\n\t\t\t<div class=\"elementor-widget-wrap elementor-element-populated\">\n\t\t\t\t\t\t<div class=\"elementor-element elementor-element-81380f4 elementor-hidden-desktop elementor-hidden-tablet elementor-hidden-mobile elementor-widget elementor-widget-text-editor\" data-id=\"81380f4\" data-element_type=\"widget\" data-widget_type=\"text-editor.default\">\n\t\t\t\t<div class=\"elementor-widget-container\">\n\t\t\t\t\t\t\t<p>Erm\u00e4\u00dfigter Vorverkauf ist bis inklusive 15. November 2025 erh\u00e4ltlich. Danach gilt der Normalpreis. Restkarten sind an der Abendkassa (\u20ac10,-Aufschlag erh\u00e4ltlich).<\/p>\t\t\t\t\t\t<\/div>\n\t\t\t\t<\/div>\n\t\t\t\t<div class=\"elementor-element elementor-element-aa505fe elementor-widget elementor-widget-text-editor\" data-id=\"aa505fe\" data-element_type=\"widget\" data-widget_type=\"text-editor.default\">\n\t\t\t\t<div class=\"elementor-widget-container\">\n\t\t\t\t\t\t\t<p>Restkarten sind an der Abendkassa (\u20ac 10,- Aufschlag) erh\u00e4ltlich.<\/p>\t\t\t\t\t\t<\/div>\n\t\t\t\t<\/div>\n\t\t\t\t<div class=\"elementor-element elementor-element-b6e5ede elementor-widget elementor-widget-heading\" data-id=\"b6e5ede\" data-element_type=\"widget\" data-widget_type=\"heading.default\">\n\t\t\t\t<div class=\"elementor-widget-container\">\n\t\t\t<h2 class=\"elementor-heading-title elementor-size-default\">Kartenpreise<\/h2>\t\t<\/div>\n\t\t\t\t<\/div>\n\t\t\t\t<div class=\"elementor-element elementor-element-221bb70 elementor-hidden-desktop elementor-hidden-tablet elementor-hidden-mobile elementor-widget elementor-widget-eael-feature-list\" data-id=\"221bb70\" data-element_type=\"widget\" data-widget_type=\"eael-feature-list.default\">\n\t\t\t\t<div class=\"elementor-widget-container\">\n\t\t\t\t\t<div class=\"-icon-position-left -tablet-icon-position-left -mobile-icon-position-left\">\n\t\t\t<ul id=\"eael-feature-list-221bb70\" class=\"eael-feature-list-items circle framed \">\n\t\t\t                <li class=\"eael-feature-list-item elementor-repeater-item-287d977\">\n                    \n\t\t\t\t\t\t<div class=\"eael-feature-list-icon-box\">\n\t\t\t\t\t\t\t<div class=\"eael-feature-list-icon-inner\">\n\n\t\t\t\t\t\t\t\t<span class=\"eael-feature-list-icon fl-icon-0\">\n\n\t\t<i aria-hidden=\"true\" class=\"fas fa-male\"><\/i>\t\t\t\t\t\t\t\t<\/span>\n\t\t\t\t\t\t\t<\/div>\n\t\t\t\t\t\t<\/div>\n\t\t\t\t\t\t<div class=\"eael-feature-list-content-box\">\n\t\t\t\t\t\t\t<h4 class=\"eael-feature-list-title\"\t\t\t\t\t\t\t>Damen-\/ Herrenkarte<\/h4\t\t\t\t\t\t>\n\t\t\t\t\t\t<p class=\"eael-feature-list-content\">Preis: <\/br>bis 15.11.: \u20ac 89,- <\/br>Normalpreis: \u20ac 99,-<\/p>\n\t\t\t\t\t\t<\/div>\n\n\t\t\t\t\t<\/li>\n\t\t\t\t                <li class=\"eael-feature-list-item elementor-repeater-item-f212b52\">\n                    \n\t\t\t\t\t\t<div class=\"eael-feature-list-icon-box\">\n\t\t\t\t\t\t\t<div class=\"eael-feature-list-icon-inner\">\n\n\t\t\t\t\t\t\t\t<span class=\"eael-feature-list-icon fl-icon-1\">\n\n\t\t<i aria-hidden=\"true\" class=\"fas fa-user-graduate\"><\/i>\t\t\t\t\t\t\t\t<\/span>\n\t\t\t\t\t\t\t<\/div>\n\t\t\t\t\t\t<\/div>\n\t\t\t\t\t\t<div class=\"eael-feature-list-content-box\">\n\t\t\t\t\t\t\t<h4 class=\"eael-feature-list-title\"\t\t\t\t\t\t\t>Studenten (unter 27)<\/h4\t\t\t\t\t\t>\n\t\t\t\t\t\t<p class=\"eael-feature-list-content\">Preis:  <\/br>bis 15.11.: \u20ac 49,- <\/br>Normalpreis: \u20ac 59<\/p>\n\t\t\t\t\t\t<\/div>\n\n\t\t\t\t\t<\/li>\n\t\t\t\t                <li class=\"eael-feature-list-item elementor-repeater-item-f78e845\">\n                    \n\t\t\t\t\t\t<div class=\"eael-feature-list-icon-box\">\n\t\t\t\t\t\t\t<div class=\"eael-feature-list-icon-inner\">\n\n\t\t\t\t\t\t\t\t<span class=\"eael-feature-list-icon fl-icon-2\">\n\n\t\t<i aria-hidden=\"true\" class=\"fas fa-baby\"><\/i>\t\t\t\t\t\t\t\t<\/span>\n\t\t\t\t\t\t\t<\/div>\n\t\t\t\t\t\t<\/div>\n\t\t\t\t\t\t<div class=\"eael-feature-list-content-box\">\n\t\t\t\t\t\t\t<h4 class=\"eael-feature-list-title\"\t\t\t\t\t\t\t>Aktive<\/h4\t\t\t\t\t\t>\n\t\t\t\t\t\t<p class=\"eael-feature-list-content\">Preis:  <\/br>bis 15.11.: \u20ac 29,- <\/br>Normalpreis: \u20ac39,-<\/p>\n\t\t\t\t\t\t<\/div>\n\n\t\t\t\t\t<\/li>\n\t\t\t\t\t\t\t<\/ul>\n\t\t<\/div>\n\t\t\t\t<\/div>\n\t\t\t\t<\/div>\n\t\t\t\t<div class=\"elementor-element elementor-element-84f14f6 elementor-widget elementor-widget-eael-feature-list\" data-id=\"84f14f6\" data-element_type=\"widget\" data-widget_type=\"eael-feature-list.default\">\n\t\t\t\t<div class=\"elementor-widget-container\">\n\t\t\t\t\t<div class=\"-icon-position-left -tablet-icon-position-left -mobile-icon-position-left\">\n\t\t\t<ul id=\"eael-feature-list-84f14f6\" class=\"eael-feature-list-items circle framed \">\n\t\t\t                <li class=\"eael-feature-list-item elementor-repeater-item-287d977\">\n                    \n\t\t\t\t\t\t<div class=\"eael-feature-list-icon-box\">\n\t\t\t\t\t\t\t<div class=\"eael-feature-list-icon-inner\">\n\n\t\t\t\t\t\t\t\t<span class=\"eael-feature-list-icon fl-icon-0\">\n\n\t\t<i aria-hidden=\"true\" class=\"fas fa-male\"><\/i>\t\t\t\t\t\t\t\t<\/span>\n\t\t\t\t\t\t\t<\/div>\n\t\t\t\t\t\t<\/div>\n\t\t\t\t\t\t<div class=\"eael-feature-list-content-box\">\n\t\t\t\t\t\t\t<h4 class=\"eael-feature-list-title\"\t\t\t\t\t\t\t>Damen-\/ Herrenkarte<\/h4\t\t\t\t\t\t>\n\t\t\t\t\t\t<p class=\"eael-feature-list-content\">Preis:  \u20ac 99,-<\/p>\n\t\t\t\t\t\t<\/div>\n\n\t\t\t\t\t<\/li>\n\t\t\t\t                <li class=\"eael-feature-list-item elementor-repeater-item-f212b52\">\n                    \n\t\t\t\t\t\t<div class=\"eael-feature-list-icon-box\">\n\t\t\t\t\t\t\t<div class=\"eael-feature-list-icon-inner\">\n\n\t\t\t\t\t\t\t\t<span class=\"eael-feature-list-icon fl-icon-1\">\n\n\t\t<i aria-hidden=\"true\" class=\"fas fa-user-graduate\"><\/i>\t\t\t\t\t\t\t\t<\/span>\n\t\t\t\t\t\t\t<\/div>\n\t\t\t\t\t\t<\/div>\n\t\t\t\t\t\t<div class=\"eael-feature-list-content-box\">\n\t\t\t\t\t\t\t<h4 class=\"eael-feature-list-title\"\t\t\t\t\t\t\t>Studenten (unter 27)<\/h4\t\t\t\t\t\t>\n\t\t\t\t\t\t<p class=\"eael-feature-list-content\">Preis:   \u20ac 59,-<\/p>\n\t\t\t\t\t\t<\/div>\n\n\t\t\t\t\t<\/li>\n\t\t\t\t                <li class=\"eael-feature-list-item elementor-repeater-item-f78e845\">\n                    \n\t\t\t\t\t\t<div class=\"eael-feature-list-icon-box\">\n\t\t\t\t\t\t\t<div class=\"eael-feature-list-icon-inner\">\n\n\t\t\t\t\t\t\t\t<span class=\"eael-feature-list-icon fl-icon-2\">\n\n\t\t<i aria-hidden=\"true\" class=\"fas fa-baby\"><\/i>\t\t\t\t\t\t\t\t<\/span>\n\t\t\t\t\t\t\t<\/div>\n\t\t\t\t\t\t<\/div>\n\t\t\t\t\t\t<div class=\"eael-feature-list-content-box\">\n\t\t\t\t\t\t\t<h4 class=\"eael-feature-list-title\"\t\t\t\t\t\t\t>Aktive<\/h4\t\t\t\t\t\t>\n\t\t\t\t\t\t<p class=\"eael-feature-list-content\">Preis:  \u20ac39,-<\/p>\n\t\t\t\t\t\t<\/div>\n\n\t\t\t\t\t<\/li>\n\t\t\t\t\t\t\t<\/ul>\n\t\t<\/div>\n\t\t\t\t<\/div>\n\t\t\t\t<\/div>\n\t\t\t\t<div class=\"elementor-element elementor-element-968020d elementor-widget elementor-widget-heading\" data-id=\"968020d\" data-element_type=\"widget\" data-widget_type=\"heading.default\">\n\t\t\t\t<div class=\"elementor-widget-container\">\n\t\t\t<h2 class=\"elementor-heading-title elementor-size-default\">Tischkarten<\/h2>\t\t<\/div>\n\t\t\t\t<\/div>\n\t\t\t\t<div class=\"elementor-element elementor-element-a7679c2 elementor-widget elementor-widget-eael-feature-list\" data-id=\"a7679c2\" data-element_type=\"widget\" data-widget_type=\"eael-feature-list.default\">\n\t\t\t\t<div class=\"elementor-widget-container\">\n\t\t\t\t\t<div class=\"-icon-position-left -tablet-icon-position-left -mobile-icon-position-left\">\n\t\t\t<ul id=\"eael-feature-list-a7679c2\" class=\"eael-feature-list-items circle framed \">\n\t\t\t                <li class=\"eael-feature-list-item elementor-repeater-item-287d977\">\n                    \n\t\t\t\t\t\t<div class=\"eael-feature-list-icon-box\">\n\t\t\t\t\t\t\t<div class=\"eael-feature-list-icon-inner\">\n\n\t\t\t\t\t\t\t\t<span class=\"eael-feature-list-icon fl-icon-0\">\n\n\t\t<i aria-hidden=\"true\" class=\"fas fa-ticket-alt\"><\/i>\t\t\t\t\t\t\t\t<\/span>\n\t\t\t\t\t\t\t<\/div>\n\t\t\t\t\t\t<\/div>\n\t\t\t\t\t\t<div class=\"eael-feature-list-content-box\">\n\t\t\t\t\t\t\t<h4 class=\"eael-feature-list-title\"\t\t\t\t\t\t\t>Hauptsaal<\/h4\t\t\t\t\t\t>\n\t\t\t\t\t\t<p class=\"eael-feature-list-content\">Preis \u20ac 39,-<\/p>\n\t\t\t\t\t\t<\/div>\n\n\t\t\t\t\t<\/li>\n\t\t\t\t                <li class=\"eael-feature-list-item elementor-repeater-item-21c27a3\">\n                    \n\t\t\t\t\t\t<div class=\"eael-feature-list-icon-box\">\n\t\t\t\t\t\t\t<div class=\"eael-feature-list-icon-inner\">\n\n\t\t\t\t\t\t\t\t<span class=\"eael-feature-list-icon fl-icon-1\">\n\n\t\t<i aria-hidden=\"true\" class=\"fas fa-ticket-alt\"><\/i>\t\t\t\t\t\t\t\t<\/span>\n\t\t\t\t\t\t\t<\/div>\n\t\t\t\t\t\t<\/div>\n\t\t\t\t\t\t<div class=\"eael-feature-list-content-box\">\n\t\t\t\t\t\t\t<h4 class=\"eael-feature-list-title\"\t\t\t\t\t\t\t>Gelber-Salon<\/h4\t\t\t\t\t\t>\n\t\t\t\t\t\t<p class=\"eael-feature-list-content\">Preis \u20ac 29,-<\/p>\n\t\t\t\t\t\t<\/div>\n\n\t\t\t\t\t<\/li>\n\t\t\t\t\t\t\t<\/ul>\n\t\t<\/div>\n\t\t\t\t<\/div>\n\t\t\t\t<\/div>\n\t\t\t\t\t<\/div>\n\t\t<\/div>\n\t\t\t\t\t<\/div>\n\t\t<\/section>\n\t\t\t\t\t<\/div>\n\t\t<\/div>\n\t\t\t\t\t<\/div>\n\t\t<\/section>\n\t\t\t\t<section class=\"elementor-section elementor-top-section elementor-element elementor-element-b3f61e6 elementor-section-boxed elementor-section-height-default elementor-section-height-default\" data-id=\"b3f61e6\" data-element_type=\"section\">\n\t\t\t\t\t\t<div class=\"elementor-container elementor-column-gap-default\">\n\t\t\t\t\t<div class=\"elementor-column elementor-col-100 elementor-top-column elementor-element elementor-element-11d3cef\" data-id=\"11d3cef\" data-element_type=\"column\">\n\t\t\t<div class=\"elementor-widget-wrap elementor-element-populated\">\n\t\t\t\t\t\t<div class=\"elementor-element elementor-element-3597cbd elementor-widget elementor-widget-heading\" data-id=\"3597cbd\" data-element_type=\"widget\" data-widget_type=\"heading.default\">\n\t\t\t\t<div class=\"elementor-widget-container\">\n\t\t\t<h4 class=\"elementor-heading-title elementor-size-default\">Kleiderordnung, dem Anlass entsprechend <\/h4>\t\t<\/div>\n\t\t\t\t<\/div>\n\t\t\t\t<div class=\"elementor-element elementor-element-6453303 elementor-widget elementor-widget-text-editor\" data-id=\"6453303\" data-element_type=\"widget\" data-widget_type=\"text-editor.default\">\n\t\t\t\t<div class=\"elementor-widget-container\">\n\t\t\t\t\t\t\t<p style=\"text-align: center;\">Frack, Smoking, Schwarzer Anzug (mit Masche), Gala Uniform; bodenlanges Abendkleid<\/p>\t\t\t\t\t\t<\/div>\n\t\t\t\t<\/div>\n\t\t\t\t\t<\/div>\n\t\t<\/div>\n\t\t\t\t\t<\/div>\n\t\t<\/section>\n\t\t\t\t<section class=\"elementor-section elementor-top-section elementor-element elementor-element-10edbad elementor-section-content-top elementor-section-boxed elementor-section-height-default elementor-section-height-default\" data-id=\"10edbad\" data-element_type=\"section\">\n\t\t\t\t\t\t<div class=\"elementor-container elementor-column-gap-no\">\n\t\t\t\t\t<div class=\"elementor-column elementor-col-100 elementor-top-column elementor-element elementor-element-161cc8c\" data-id=\"161cc8c\" data-element_type=\"column\">\n\t\t\t<div class=\"elementor-widget-wrap elementor-element-populated\">\n\t\t\t\t\t\t<div class=\"elementor-element elementor-element-ccb7e7a elementor-widget elementor-widget-menu-anchor\" data-id=\"ccb7e7a\" data-element_type=\"widget\" data-widget_type=\"menu-anchor.default\">\n\t\t\t\t<div class=\"elementor-widget-container\">\n\t\t\t\t\t<div id=\"Kartenbestellung\" class=\"elementor-menu-anchor\"><\/div>\n\t\t\t\t<\/div>\n\t\t\t\t<\/div>\n\t\t\t\t<div class=\"elementor-element elementor-element-68f1164 elementor-widget elementor-widget-heading\" data-id=\"68f1164\" data-element_type=\"widget\" data-widget_type=\"heading.default\">\n\t\t\t\t<div class=\"elementor-widget-container\">\n\t\t\t<h2 class=\"elementor-heading-title elementor-size-default\">Kartenbestellung<\/h2>\t\t<\/div>\n\t\t\t\t<\/div>\n\t\t\t\t<div class=\"elementor-element elementor-element-7f98478 elementor-hidden-desktop elementor-hidden-tablet elementor-hidden-mobile elementor-widget elementor-widget-text-editor\" data-id=\"7f98478\" data-element_type=\"widget\" data-widget_type=\"text-editor.default\">\n\t\t\t\t<div class=\"elementor-widget-container\">\n\t\t\t\t\t\t\t<p>Der Online-Kartenverkauf ist hier bis inklusive\u00a0 22.01.26 m\u00f6glich.<\/p><p>F\u00fcr Kurzentschlossene wird es die M\u00f6glichkeit geben, an der Abendkassa (mit AK-Aufschlag) Karten zu erwerben.<\/p>\t\t\t\t\t\t<\/div>\n\t\t\t\t<\/div>\n\t\t\t\t<div class=\"elementor-element elementor-element-7776e93 elementor-hidden-desktop elementor-hidden-tablet elementor-hidden-mobile elementor-widget elementor-widget-shortcode\" data-id=\"7776e93\" data-element_type=\"widget\" data-widget_type=\"shortcode.default\">\n\t\t\t\t<div class=\"elementor-widget-container\">\n\t\t\t\t\t<div class=\"elementor-shortcode\"><div id='formContainer1916283112' class='sfForm rednaoFormContainer SfFormElementContainer bootstrap-wrapper'><\/div><script>\n            var ajaxurl = 'https:\/\/www.austria-wien.at\/ak\/wp-admin\/admin-ajax.php';\n            var smartFormsCurrentTime=new Date('Sat May 02 2026 01:53:35 +0000');\n            \tvar smartFormsSaveNonce=\"1e3e03a486\";\n            \tvar smartFormsUserName=\"\";\n            \tvar smartFormsFirstName=\"\";\n            \tvar smartFormsLastName=\"\";\n            \tvar smartFormsEmail=\"\";\n                var smartFormsPath=\"https:\/\/www.austria-wien.at\/ak\/wp-content\/plugins\/smart-forms\/\";\n                var smartDonationsRootPath=\"https:\/\/www.austria-wien.at\/ak\/wp-content\/plugins\/smart-donations\/\";\n                var smartDonationsSandbox=\"n\";\n                var smartFormsAdditionalFields4=[{\"id\":\"rednaogrouppanel\"},{\"id\":\"rednaogrouppanel\"},{\"id\":\"rednaocurrency\"},{\"id\":\"rednaogrouppanel\"}];\n                var smartFormsDesignMode=false;\n                if(!window.smartFormsItemsToLoad)\n                    window.smartFormsItemsToLoad=new Array();                                                   \n        <\/script><\/div>\n\t\t\t\t<\/div>\n\t\t\t\t<\/div>\n\t\t\t\t<div class=\"elementor-element elementor-element-4db02ce elementor-hidden-desktop elementor-hidden-tablet elementor-hidden-mobile elementor-widget elementor-widget-text-editor\" data-id=\"4db02ce\" data-element_type=\"widget\" data-widget_type=\"text-editor.default\">\n\t\t\t\t<div class=\"elementor-widget-container\">\n\t\t\t\t\t\t\t<p style=\"text-align: center;\">Hier wird der Erwerb der Karten f\u00fcr das Austernkr\u00e4nzchen ab Herbst 2025 m\u00f6glich sein.\u00a0<\/p>\t\t\t\t\t\t<\/div>\n\t\t\t\t<\/div>\n\t\t\t\t<div class=\"elementor-element elementor-element-fbb2493 elementor-widget elementor-widget-text-editor\" data-id=\"fbb2493\" data-element_type=\"widget\" data-widget_type=\"text-editor.default\">\n\t\t\t\t<div class=\"elementor-widget-container\">\n\t\t\t\t\t\t\t<p style=\"text-align: center;\">Der Online-Kartenverkauf ist bereits geschlossen!<\/p><p style=\"text-align: center;\">F\u00fcr Kurzentschlossene gibt es die M\u00f6glichkeit, an der Abendkassa Karten zu erwerben.<\/p>\t\t\t\t\t\t<\/div>\n\t\t\t\t<\/div>\n\t\t\t\t<div class=\"elementor-element elementor-element-1809cce elementor-hidden-desktop elementor-hidden-tablet elementor-hidden-mobile elementor-widget elementor-widget-text-editor\" data-id=\"1809cce\" data-element_type=\"widget\" data-widget_type=\"text-editor.default\">\n\t\t\t\t<div class=\"elementor-widget-container\">\n\t\t\t\t\t\t\t<p>Der Online-Kartenverkauf wird hier ab 06.11. m\u00f6glich sein.\u00a0<\/p><p>Vorreservierungen sind bereits jetzt per E-Mail unter: ball@austria-wien.at<\/p>\t\t\t\t\t\t<\/div>\n\t\t\t\t<\/div>\n\t\t\t\t\t<\/div>\n\t\t<\/div>\n\t\t\t\t\t<\/div>\n\t\t<\/section>\n\t\t\t\t<section class=\"elementor-section elementor-top-section elementor-element elementor-element-62c6413 elementor-section-content-middle elementor-section-boxed elementor-section-height-default elementor-section-height-default\" data-id=\"62c6413\" data-element_type=\"section\" data-settings=\"{&quot;background_background&quot;:&quot;classic&quot;,&quot;shape_divider_top&quot;:&quot;tilt&quot;}\">\n\t\t\t\t\t\t\t<div class=\"elementor-background-overlay\"><\/div>\n\t\t\t\t\t\t<div class=\"elementor-shape elementor-shape-top\" data-negative=\"false\">\n\t\t\t<svg xmlns=\"http:\/\/www.w3.org\/2000\/svg\" viewBox=\"0 0 1000 100\" preserveAspectRatio=\"none\">\n\t<path class=\"elementor-shape-fill\" d=\"M0,6V0h1000v100L0,6z\"\/>\n<\/svg>\t\t<\/div>\n\t\t\t\t\t<div class=\"elementor-container elementor-column-gap-no\">\n\t\t\t\t\t<div class=\"elementor-column elementor-col-100 elementor-top-column elementor-element elementor-element-37246f4\" data-id=\"37246f4\" data-element_type=\"column\">\n\t\t\t<div class=\"elementor-widget-wrap elementor-element-populated\">\n\t\t\t\t\t\t<div class=\"elementor-element elementor-element-ee8b322 elementor-widget elementor-widget-heading\" data-id=\"ee8b322\" data-element_type=\"widget\" data-widget_type=\"heading.default\">\n\t\t\t\t<div class=\"elementor-widget-container\">\n\t\t\t<h2 class=\"elementor-heading-title elementor-size-default\">R\u00fcckblick<\/h2>\t\t<\/div>\n\t\t\t\t<\/div>\n\t\t\t\t<section class=\"elementor-section elementor-inner-section elementor-element elementor-element-ed422bc elementor-section-boxed elementor-section-height-default elementor-section-height-default\" data-id=\"ed422bc\" data-element_type=\"section\">\n\t\t\t\t\t\t<div class=\"elementor-container elementor-column-gap-no\">\n\t\t\t\t\t<div class=\"elementor-column elementor-col-33 elementor-inner-column elementor-element elementor-element-1aba541\" data-id=\"1aba541\" data-element_type=\"column\">\n\t\t\t<div class=\"elementor-widget-wrap elementor-element-populated\">\n\t\t\t\t\t\t<div class=\"elementor-element elementor-element-9eb305f elementor-widget elementor-widget-image\" data-id=\"9eb305f\" data-element_type=\"widget\" data-widget_type=\"image.default\">\n\t\t\t\t<div class=\"elementor-widget-container\">\n\t\t\t\t\t\t\t\t\t\t\t\t\t<img loading=\"lazy\" decoding=\"async\" width=\"1143\" height=\"1600\" src=\"https:\/\/www.austria-wien.at\/ak\/wp-content\/uploads\/2021\/10\/unbenannt-28.jpg\" class=\"attachment-full size-full wp-image-621\" alt=\"\" srcset=\"https:\/\/www.austria-wien.at\/ak\/wp-content\/uploads\/2021\/10\/unbenannt-28.jpg 1143w, https:\/\/www.austria-wien.at\/ak\/wp-content\/uploads\/2021\/10\/unbenannt-28-214x300.jpg 214w, https:\/\/www.austria-wien.at\/ak\/wp-content\/uploads\/2021\/10\/unbenannt-28-732x1024.jpg 732w, https:\/\/www.austria-wien.at\/ak\/wp-content\/uploads\/2021\/10\/unbenannt-28-768x1075.jpg 768w, https:\/\/www.austria-wien.at\/ak\/wp-content\/uploads\/2021\/10\/unbenannt-28-1097x1536.jpg 1097w\" sizes=\"(max-width: 1143px) 100vw, 1143px\" \/>\t\t\t\t\t\t\t\t\t\t\t\t\t<\/div>\n\t\t\t\t<\/div>\n\t\t\t\t<div class=\"elementor-element elementor-element-6a0b7ec elementor-widget elementor-widget-heading\" data-id=\"6a0b7ec\" data-element_type=\"widget\" data-widget_type=\"heading.default\">\n\t\t\t\t<div class=\"elementor-widget-container\">\n\t\t\t<h4 class=\"elementor-heading-title elementor-size-default\"><a href=\"#\">Quadrille tanzen<\/a><\/h4>\t\t<\/div>\n\t\t\t\t<\/div>\n\t\t\t\t\t<\/div>\n\t\t<\/div>\n\t\t\t\t<div class=\"elementor-column elementor-col-33 elementor-inner-column elementor-element elementor-element-d32ab0c\" data-id=\"d32ab0c\" data-element_type=\"column\">\n\t\t\t<div class=\"elementor-widget-wrap elementor-element-populated\">\n\t\t\t\t\t\t<div class=\"elementor-element elementor-element-1f5104a elementor-widget elementor-widget-image\" data-id=\"1f5104a\" data-element_type=\"widget\" data-widget_type=\"image.default\">\n\t\t\t\t<div class=\"elementor-widget-container\">\n\t\t\t\t\t\t\t\t\t\t\t\t\t<img loading=\"lazy\" decoding=\"async\" width=\"1829\" height=\"2560\" src=\"https:\/\/www.austria-wien.at\/ak\/wp-content\/uploads\/2021\/10\/unbenannt-04304-scaled.jpg\" class=\"attachment-full size-full wp-image-622\" alt=\"\" srcset=\"https:\/\/www.austria-wien.at\/ak\/wp-content\/uploads\/2021\/10\/unbenannt-04304-scaled.jpg 1829w, https:\/\/www.austria-wien.at\/ak\/wp-content\/uploads\/2021\/10\/unbenannt-04304-214x300.jpg 214w, https:\/\/www.austria-wien.at\/ak\/wp-content\/uploads\/2021\/10\/unbenannt-04304-731x1024.jpg 731w, https:\/\/www.austria-wien.at\/ak\/wp-content\/uploads\/2021\/10\/unbenannt-04304-768x1075.jpg 768w, https:\/\/www.austria-wien.at\/ak\/wp-content\/uploads\/2021\/10\/unbenannt-04304-1097x1536.jpg 1097w, https:\/\/www.austria-wien.at\/ak\/wp-content\/uploads\/2021\/10\/unbenannt-04304-1463x2048.jpg 1463w\" sizes=\"(max-width: 1829px) 100vw, 1829px\" \/>\t\t\t\t\t\t\t\t\t\t\t\t\t<\/div>\n\t\t\t\t<\/div>\n\t\t\t\t<div class=\"elementor-element elementor-element-a7c64d2 elementor-widget elementor-widget-heading\" data-id=\"a7c64d2\" data-element_type=\"widget\" data-widget_type=\"heading.default\">\n\t\t\t\t<div class=\"elementor-widget-container\">\n\t\t\t<h4 class=\"elementor-heading-title elementor-size-default\"><a href=\"#\">Unsere Farben<\/a><\/h4>\t\t<\/div>\n\t\t\t\t<\/div>\n\t\t\t\t<div class=\"elementor-element elementor-element-ddb8644 elementor-align-center elementor-widget elementor-widget-button\" data-id=\"ddb8644\" data-element_type=\"widget\" data-widget_type=\"button.default\">\n\t\t\t\t<div class=\"elementor-widget-container\">\n\t\t\t\t\t<div class=\"elementor-button-wrapper\">\n\t\t\t<a class=\"elementor-button elementor-button-link elementor-size-sm\" href=\"https:\/\/www.austria-wien.at\/ak\/gallerie\/\">\n\t\t\t\t\t\t<span class=\"elementor-button-content-wrapper\">\n\t\t\t\t\t\t<span class=\"elementor-button-text\">Galerie<\/span>\n\t\t<\/span>\n\t\t\t\t\t<\/a>\n\t\t<\/div>\n\t\t\t\t<\/div>\n\t\t\t\t<\/div>\n\t\t\t\t\t<\/div>\n\t\t<\/div>\n\t\t\t\t<div class=\"elementor-column elementor-col-33 elementor-inner-column elementor-element elementor-element-c4f2b11\" data-id=\"c4f2b11\" data-element_type=\"column\">\n\t\t\t<div class=\"elementor-widget-wrap elementor-element-populated\">\n\t\t\t\t\t\t<div class=\"elementor-element elementor-element-d632c73 elementor-widget elementor-widget-image\" data-id=\"d632c73\" data-element_type=\"widget\" data-widget_type=\"image.default\">\n\t\t\t\t<div class=\"elementor-widget-container\">\n\t\t\t\t\t\t\t\t\t\t\t\t\t<img loading=\"lazy\" decoding=\"async\" width=\"1828\" height=\"2560\" src=\"https:\/\/www.austria-wien.at\/ak\/wp-content\/uploads\/2021\/10\/unbenannt-04300-scaled.jpg\" class=\"attachment-full size-full wp-image-623\" alt=\"\" srcset=\"https:\/\/www.austria-wien.at\/ak\/wp-content\/uploads\/2021\/10\/unbenannt-04300-scaled.jpg 1828w, https:\/\/www.austria-wien.at\/ak\/wp-content\/uploads\/2021\/10\/unbenannt-04300-214x300.jpg 214w, https:\/\/www.austria-wien.at\/ak\/wp-content\/uploads\/2021\/10\/unbenannt-04300-731x1024.jpg 731w, https:\/\/www.austria-wien.at\/ak\/wp-content\/uploads\/2021\/10\/unbenannt-04300-768x1075.jpg 768w, https:\/\/www.austria-wien.at\/ak\/wp-content\/uploads\/2021\/10\/unbenannt-04300-1097x1536.jpg 1097w, https:\/\/www.austria-wien.at\/ak\/wp-content\/uploads\/2021\/10\/unbenannt-04300-1463x2048.jpg 1463w\" sizes=\"(max-width: 1828px) 100vw, 1828px\" \/>\t\t\t\t\t\t\t\t\t\t\t\t\t<\/div>\n\t\t\t\t<\/div>\n\t\t\t\t<div class=\"elementor-element elementor-element-d079106 elementor-widget elementor-widget-heading\" data-id=\"d079106\" data-element_type=\"widget\" data-widget_type=\"heading.default\">\n\t\t\t\t<div class=\"elementor-widget-container\">\n\t\t\t<h4 class=\"elementor-heading-title elementor-size-default\"><a href=\"#\">Man lernt sich kennen<\/a><\/h4>\t\t<\/div>\n\t\t\t\t<\/div>\n\t\t\t\t\t<\/div>\n\t\t<\/div>\n\t\t\t\t\t<\/div>\n\t\t<\/section>\n\t\t\t\t\t<\/div>\n\t\t<\/div>\n\t\t\t\t\t<\/div>\n\t\t<\/section>\n\t\t\t\t<section class=\"elementor-section elementor-top-section elementor-element elementor-element-ab845ee elementor-section-boxed elementor-section-height-default elementor-section-height-default\" data-id=\"ab845ee\" data-element_type=\"section\">\n\t\t\t\t\t\t<div class=\"elementor-container elementor-column-gap-default\">\n\t\t\t\t\t<div class=\"elementor-column elementor-col-50 elementor-top-column elementor-element elementor-element-6bd2a8a\" data-id=\"6bd2a8a\" data-element_type=\"column\">\n\t\t\t<div class=\"elementor-widget-wrap elementor-element-populated\">\n\t\t\t\t\t\t<div class=\"elementor-element elementor-element-08afc88 elementor-widget elementor-widget-google_maps\" data-id=\"08afc88\" data-element_type=\"widget\" data-widget_type=\"google_maps.default\">\n\t\t\t\t<div class=\"elementor-widget-container\">\n\t\t\t\t\t<div class=\"elementor-custom-embed\">\n\t\t\t<iframe loading=\"lazy\"\n\t\t\t\t\tsrc=\"https:\/\/maps.google.com\/maps?q=palais%20daun-kinsky%20&#038;t=m&#038;z=14&#038;output=embed&#038;iwloc=near\"\n\t\t\t\t\ttitle=\"palais daun-kinsky \"\n\t\t\t\t\taria-label=\"palais daun-kinsky \"\n\t\t\t><\/iframe>\n\t\t<\/div>\n\t\t\t\t<\/div>\n\t\t\t\t<\/div>\n\t\t\t\t\t<\/div>\n\t\t<\/div>\n\t\t\t\t<div class=\"elementor-column elementor-col-50 elementor-top-column elementor-element elementor-element-45ffff0\" data-id=\"45ffff0\" data-element_type=\"column\">\n\t\t\t<div class=\"elementor-widget-wrap elementor-element-populated\">\n\t\t\t\t\t\t<div class=\"elementor-element elementor-element-b81b9bd elementor-widget elementor-widget-image-carousel\" data-id=\"b81b9bd\" data-element_type=\"widget\" data-settings=\"{&quot;slides_to_show&quot;:&quot;1&quot;,&quot;navigation&quot;:&quot;none&quot;,&quot;lazyload&quot;:&quot;yes&quot;,&quot;autoplay&quot;:&quot;yes&quot;,&quot;pause_on_hover&quot;:&quot;yes&quot;,&quot;pause_on_interaction&quot;:&quot;yes&quot;,&quot;autoplay_speed&quot;:5000,&quot;infinite&quot;:&quot;yes&quot;,&quot;effect&quot;:&quot;slide&quot;,&quot;speed&quot;:500}\" data-widget_type=\"image-carousel.default\">\n\t\t\t\t<div class=\"elementor-widget-container\">\n\t\t\t\t\t<div class=\"elementor-image-carousel-wrapper swiper\" dir=\"ltr\">\n\t\t\t<div class=\"elementor-image-carousel swiper-wrapper\" aria-live=\"off\">\n\t\t\t\t\t\t\t\t<div class=\"swiper-slide\" role=\"group\" aria-roledescription=\"slide\" aria-label=\"1 of 3\"><figure class=\"swiper-slide-inner\"><img class=\"swiper-slide-image swiper-lazy\" data-src=\"https:\/\/www.austria-wien.at\/ak\/wp-content\/uploads\/2023\/01\/palais-daun-kinsky-wien-feststiege-1-300x200.jpg\" alt=\"Palais Daun-Kinsky, Feststiege\" \/><div class=\"swiper-lazy-preloader\"><\/div><\/figure><\/div><div class=\"swiper-slide\" role=\"group\" aria-roledescription=\"slide\" aria-label=\"2 of 3\"><figure class=\"swiper-slide-inner\"><img class=\"swiper-slide-image swiper-lazy\" data-src=\"https:\/\/www.austria-wien.at\/ak\/wp-content\/uploads\/2023\/01\/palais-daun-kinsky-wien-ovaler-festsaal-dinner-1-200x300.jpg\" alt=\"Palais Kinsky (Palais Events) Wien, (A)\" \/><div class=\"swiper-lazy-preloader\"><\/div><\/figure><\/div><div class=\"swiper-slide\" role=\"group\" aria-roledescription=\"slide\" aria-label=\"3 of 3\"><figure class=\"swiper-slide-inner\"><img class=\"swiper-slide-image swiper-lazy\" data-src=\"https:\/\/www.austria-wien.at\/ak\/wp-content\/uploads\/2023\/01\/palais-daun-kinsky-wien-eingangsbereich-202x300.jpg\" alt=\"palais-daun-kinsky-wien-eingangsbereich\" \/><div class=\"swiper-lazy-preloader\"><\/div><\/figure><\/div>\t\t\t<\/div>\n\t\t\t\t\t\t\t\n\t\t\t\t\t\t\t\t\t<\/div>\n\t\t\t\t<\/div>\n\t\t\t\t<\/div>\n\t\t\t\t\t<\/div>\n\t\t<\/div>\n\t\t\t\t\t<\/div>\n\t\t<\/section>\n\t\t\t\t<\/div>\n\t\t","protected":false},"excerpt":{"rendered":"<p>tanzen am Austernkr\u00e4nzchen 24. J\u00e4nner 2026 Palais Daun-Kinsky Freyung 4, 1010 Wien Karten Kartenvorverkauf ab September 2024 Der Ball der K.\u00d6.ST.V Austria-Wien Das Austernkr\u00e4nzchen Das Austernkr\u00e4nzchen ist der couleurstudentische Traditionsball der Studentenverbindung Austria-Wien. Immer wieder in der Geschichte der Austria-Wien wurde ein Kr\u00e4nzchen f\u00fcr die Verbindung organisiert. Seit 2020 ist wieder eine neue Welle der &hellip;<\/p>\n<p class=\"read-more\"> <a class=\"\" href=\"https:\/\/www.austria-wien.at\/ak\/\"> <span class=\"screen-reader-text\">Home<\/span> Read More &raquo;<\/a><\/p>\n","protected":false},"author":3,"featured_media":0,"parent":0,"menu_order":0,"comment_status":"closed","ping_status":"closed","template":"","meta":{"footnotes":""},"class_list":["post-6","page","type-page","status-publish","hentry"],"_links":{"self":[{"href":"https:\/\/www.austria-wien.at\/ak\/wp-json\/wp\/v2\/pages\/6","targetHints":{"allow":["GET"]}}],"collection":[{"href":"https:\/\/www.austria-wien.at\/ak\/wp-json\/wp\/v2\/pages"}],"about":[{"href":"https:\/\/www.austria-wien.at\/ak\/wp-json\/wp\/v2\/types\/page"}],"author":[{"embeddable":true,"href":"https:\/\/www.austria-wien.at\/ak\/wp-json\/wp\/v2\/users\/3"}],"replies":[{"embeddable":true,"href":"https:\/\/www.austria-wien.at\/ak\/wp-json\/wp\/v2\/comments?post=6"}],"version-history":[{"count":577,"href":"https:\/\/www.austria-wien.at\/ak\/wp-json\/wp\/v2\/pages\/6\/revisions"}],"predecessor-version":[{"id":1941,"href":"https:\/\/www.austria-wien.at\/ak\/wp-json\/wp\/v2\/pages\/6\/revisions\/1941"}],"wp:attachment":[{"href":"https:\/\/www.austria-wien.at\/ak\/wp-json\/wp\/v2\/media?parent=6"}],"curies":[{"name":"wp","href":"https:\/\/api.w.org\/{rel}","templated":true}]}}